{"id":52626,"date":"2022-03-23T09:55:10","date_gmt":"2022-03-23T07:55:10","guid":{"rendered":"https:\/\/toidupakk.ee\/toode\/plecak-turystyczny-75l-mil-tec\/"},"modified":"2026-04-29T16:30:48","modified_gmt":"2026-04-29T13:30:48","slug":"plecak-turystyczny-75l-mil-tec","status":"publish","type":"product","link":"https:\/\/toidupakk.ee\/pl\/toode\/plecak-turystyczny-75l-mil-tec\/","title":{"rendered":"Plecak turystyczny 75l MIL-TEC"},"content":{"rendered":"<h1><img fetchpriority=\"high\" decoding=\"async\" class=\"wp-image-1624 size-thumbnail alignright\" src=\"https:\/\/toidupakk.ee\/wp-content\/uploads\/2022\/03\/5-1-500x500.png\" alt=\"Plecak turystyczny\" width=\"500\" height=\"500\" srcset=\"https:\/\/toidupakk.ee\/wp-content\/uploads\/2022\/03\/5-1-500x500.png 500w, https:\/\/toidupakk.ee\/wp-content\/uploads\/2022\/03\/5-1-400x400.png 400w, https:\/\/toidupakk.ee\/wp-content\/uploads\/2022\/03\/5-1-100x100.png 100w, https:\/\/toidupakk.ee\/wp-content\/uploads\/2022\/03\/5-1-800x800.png 800w, https:\/\/toidupakk.ee\/wp-content\/uploads\/2022\/03\/5-1-300x300.png 300w, https:\/\/toidupakk.ee\/wp-content\/uploads\/2022\/03\/5-1-1024x1024.png 1024w, https:\/\/toidupakk.ee\/wp-content\/uploads\/2022\/03\/5-1-768x768.png 768w, https:\/\/toidupakk.ee\/wp-content\/uploads\/2022\/03\/5-1.png 1080w\" sizes=\"(max-width: 500px) 100vw, 500px\" \/><\/h1>\n<h1>W plecaku turystycznym musi zmie\u015bci\u0107 si\u0119 ca\u0142y ekwipunek<\/h1>\n<p>Plecak turystyczny musi pomie\u015bci\u0107 <a href=\"https:\/\/toidupakk.ee\/tactical-foodpack\/ulikerge-magamiskott-matkale-yellowstone-ultra-light-150\/\">\u015bpiw\u00f3r<\/a>, namiot, <a href=\"https:\/\/toidupakk.ee\/tactical-foodpack\/joogipudel-mil-tec-06l\/\">butelk\u0119 wody<\/a>, ubrania, <a href=\"https:\/\/toidupakk.ee\/pl\/sklep-internetowy\/\">jedzenie<\/a>, kuchenk\u0119 gazow\u0105 itp. Na wyprawie potrzebujesz mn\u00f3stwa rzeczy i musisz je zmie\u015bci\u0107 w plecaku, z kt\u00f3rym wygodnie si\u0119 porusza\u0107. Plecak turystyczny Mil-Tec ma jedn\u0105 du\u017c\u0105 komor\u0119, kt\u00f3r\u0105 mo\u017cna \u015bci\u0105gn\u0105\u0107 sznurkiem i dzi\u0119ki temu jeszcze bardziej j\u0105 powi\u0119kszy\u0107. Pod komor\u0105 g\u0142\u00f3wn\u0105 znajduje si\u0119 mniejsza, oddzielna cz\u0119\u015b\u0107 zapinana na zamek. Mi\u0119dzy dwiema komorami po bokach znajduj\u0105 si\u0119 ma\u0142e otwory przeznaczone do wygodnego przechowywania kijk\u00f3w trekkingowych, z\u0142o\u017conej w\u0119dki lub innych d\u0142ugich przedmiot\u00f3w \u2013 dzi\u0119ki temu wykorzystujesz pe\u0142n\u0105 d\u0142ugo\u015b\u0107 plecaka, a d\u0142ugie rzeczy nie wystaj\u0105.<br \/>\nPo bokach plecaka znajduj\u0105 si\u0119 dwie wi\u0119ksze kieszenie na zamek oraz wygodnie dost\u0119pne mniejsze kieszonki na pasach, gdzie warto schowa\u0107 np. telefon, klucze lub <a href=\"\/?product_cat=snakk#section-3-79\">szybkie przek\u0105ski<\/a>. W razie potrzeby rzeczy mo\u017cna te\u017c trzyma\u0107 w kieszeni w klapie plecaka, w kt\u00f3rej znajduje si\u0119 wbudowany pokrowiec przeciwdeszczowy. Zapewnia on maksymaln\u0105 wodoodporno\u015b\u0107 nawet w ekstremalnych warunkach.      <\/p>\n<p>&nbsp;<\/p>\n<h2>Wygodny i wytrzyma\u0142y plecak turystyczny<\/h2>\n<p>Plecak turystyczny Mil-Tec wykonany jest z wytrzyma\u0142ego 100% poliestru 600D pokrytego pow\u0142ok\u0105 PVC. Zapewnia to wodoodporno\u015b\u0107 materia\u0142u i wysok\u0105 odporno\u015b\u0107 na \u015bcieranie.<br \/>\nTy\u0142 plecaka wzmocniono aluminiowym stela\u017cem, kt\u00f3ry stabilizuje konstrukcj\u0119 i pozwala zachowa\u0107 kszta\u0142t. Stela\u017c mo\u017cna w razie potrzeby wyj\u0105\u0107.<br \/>\nZastosowanie plecaka jest znacznie szersze ni\u017c tylko wyprawy \u2013 ten wygodny model sprawdzi si\u0119 te\u017c podczas rodzinnych wycieczek, polowa\u0144, rejs\u00f3w \u0142odzi\u0105, podr\u00f3\u017cy samolotem itp.  <\/p>\n<p>&nbsp;<\/p>\n<h3>Dopasuj plecak turystyczny do siebie<\/h3>\n<p>Regulowane szelki wraz z szerokim pasem biodrowym i plecami s\u0105 mi\u0119kko wy\u015bcie\u0142ane, co zwi\u0119ksza komfort. Plecak wzmocniono w miejscach najbardziej nara\u017conych na obci\u0105\u017cenia \u2013 na plecach, ramionach i w pasie. Materia\u0142 wy\u015bci\u00f3\u0142ki odprowadza wilgo\u0107, dodatkowo poprawiaj\u0105c wygod\u0119. Wszystkie paski s\u0105 \u0142atwe w regulacji, a w zestawie znajdziesz dodatkowe klamry na wypadek ich uszkodzenia lub zaci\u0119cia.<br \/>\nDodatkowe troki i D-ringi pozwalaj\u0105 na zamocowanie akcesori\u00f3w, takich jak <a href=\"https:\/\/toidupakk.ee\/tactical-foodpack\/multitooriist-mil-tec-black-cobra\/\">multitool<\/a>, <a href=\"https:\/\/toidupakk.ee\/tactical-foodpack\/joogipudel-mil-tec-06l\/\">butelka wody<\/a> itp.   <\/p>\n<p>&nbsp;<\/p>\n<h3>W plecaku turystycznym Mil-Tec zmie\u015bcisz mn\u00f3stwo dobrego jedzenia<\/h3>\n<p>Tactical Foodpack produkuje wysokiej jako\u015bci liofilizowan\u0105 \u017cywno\u015b\u0107 wyprawow\u0105, przeznaczon\u0105 zar\u00f3wno na misje wojskowe, jak i dla cywil\u00f3w. Wybieraj\u0105c si\u0119 na szlak, zabierz prowiant, kt\u00f3ry jest lekki, r\u00f3\u017cnorodny i po\u017cywny. Posi\u0142ki mo\u017cesz kompletowa\u0107 pojedynczo na <a href=\"\/?product_cat=hommikusook#section-3-79\">\u015bniadanie<\/a>, <a href=\"\/?product_cat=supp#section-3-79\">obiad<\/a> i <a href=\"\/?product_cat=pearoog#section-3-79\">kolacj\u0119<\/a>; na <a href=\"\/?product_cat=weekpack#section-3-79\">ca\u0142y tydzie\u0144<\/a> lub w formie <a href=\"\/?product_cat=combo#section-3-79\">zestaw\u00f3w<\/a>.  <\/p>\n<p>&nbsp;<\/p>\n<p>Zobacz wi\u0119cej akcesori\u00f3w turystycznych <a href=\"https:\/\/toidupakk.ee\/pl\/tootekategooria\/sprzet-turystyczny\/#section-3-79\">TUTAJ<\/a><\/p>\n<p>Zobacz wi\u0119cej \u017cywno\u015bci turystycznej <a href=\"\/?product_cat=snakk#section-3-79\">TUTAJ<\/a><\/p>\n<p>Znajd\u017a inspiracj\u0119 na kolejne przygody na <a href=\"https:\/\/www.instagram.com\/toidupakk\/\">Instagramie<\/a> i <a href=\"https:\/\/www.facebook.com\/Toidupakk\/\">Facebooku<\/a> Toidupakk.<\/p>\n","protected":false},"excerpt":{"rendered":"<p><strong>Pojemny, dwukomorowy plecak posiada du\u017c\u0105 komor\u0119 g\u0142\u00f3wn\u0105 ze \u015bci\u0105gaczem, doln\u0105 komor\u0119 z dwukierunkowym zamkiem, zintegrowany lekki stela\u017c aluminiowy, wy\u015bcie\u0142any pas biodrowy i szelki, pas piersiowy oraz p\u0119tle i troki do mocowania dodatkowego sprz\u0119tu. Plecak wyposa\u017cono w pokrowiec przeciwdeszczowy. <\/strong><\/p>\n<ul>\n<li>Dodatkowe wy\u015bci\u00f3\u0142ki na szelkach<\/li>\n<li>Wodoodporny pokrowiec przeciwdeszczowy<\/li>\n<li>Regulowany, lekki stela\u017c aluminiowy pozwala dostosowa\u0107 wysoko\u015b\u0107 plecaka do wzrostu u\u017cytkownika, aby \u015brodek ci\u0119\u017cko\u015bci znajdowa\u0142 si\u0119 na optymalnym poziomie<\/li>\n<li>Regulowane pasy biodrowy i piersiowy dla lepszego roz\u0142o\u017cenia obci\u0105\u017cenia<\/li>\n<li>Ci\u0119\u017car plecaka rozk\u0142ada si\u0119 r\u00f3wnomiernie na ramiona i biodra<\/li>\n<li>Pojemno\u015b\u0107: 75l<\/li>\n<li>Waga: 1600 g<\/li>\n<li>Wymiary: 70 x 35 x 20 cm<\/li>\n<li>Materia\u0142: 100% poliester 600D PVC pokryty wodoodpornym polichlorkiem winylu<\/li>\n<li>Kolor: czarny<\/li>\n<li>Stela\u017c wzmacniaj\u0105cy: aluminium<\/li>\n<li>W zestawie: pokrowiec przeciwdeszczowy, p\u0119tle mocuj\u0105ce, klamry i troki do mocowania dodatkowego sprz\u0119tu (namiot, \u015bpiw\u00f3r, karimata)<\/li>\n<\/ul>\n<p>\u2705 Dost\u0119pne w magazynie, szybka dostawa w 1-3 dni robocze<br \/>\n\u2705 Kup teraz, zap\u0142a\u0107 p\u00f3\u017aniej (RRSO 0%)<\/p>\n","protected":false},"featured_media":1624,"comment_status":"open","ping_status":"closed","template":"","meta":{"_acf_changed":false},"product_brand":[],"product_cat":[303,317,309,311,301,310,304],"product_tag":[],"class_list":{"0":"post-52626","1":"product","2":"type-product","3":"status-publish","4":"has-post-thumbnail","6":"product_cat-akcesoria-turystyczne","7":"product_cat-mil-tec","8":"product_cat-plecaki","9":"product_cat-praktyczne-pomysly-na-prezent","10":"product_cat-sprzet-turystyczny","11":"product_cat-torby","12":"product_cat-wyposazenie-militarne","14":"first","15":"onbackorder","16":"taxable","17":"shipping-taxable","18":"purchasable","19":"product-type-simple"},"bundled_by":[],"bundle_stock_status":"onbackorder","bundle_stock_quantity":-1,"bundle_virtual":false,"bundle_layout":"","bundle_add_to_cart_form_location":"","bundle_editable_in_cart":false,"bundle_sold_individually_context":"","bundle_item_grouping":"","bundle_min_size":"","bundle_max_size":"","bundle_price":[],"bundled_items":[],"bundle_sell_ids":[],"acf":[],"yoast_head":"<!-- This site is optimized with the Yoast SEO plugin v27.3 - https:\/\/yoast.com\/product\/yoast-seo-wordpress\/ -->\n<title>Plecak turystyczny MIL-TEC\u00ae 75-litrowy<\/title>\n<meta name=\"description\" content=\"Plecak turystyczny o du\u017cej pojemno\u015bci (75l). Wzmocniony aluminiowy stela\u017c, ergonomiczny design, mi\u0119kkie wy\u015bcie\u0142ane szelki i regulowany \u015brodek ci\u0119\u017cko\u015bci.\" \/>\n<meta name=\"robots\" content=\"index, follow, max-snippet:-1, max-image-preview:large, max-video-preview:-1\" \/>\n<link rel=\"canonical\" href=\"https:\/\/toidupakk.ee\/pl\/toode\/plecak-turystyczny-75l-mil-tec\/\" \/>\n<meta property=\"og:locale\" content=\"pl_PL\" \/>\n<meta property=\"og:type\" content=\"article\" \/>\n<meta property=\"og:title\" content=\"Plecak turystyczny MIL-TEC\u00ae 75-litrowy\" \/>\n<meta property=\"og:description\" content=\"Plecak turystyczny o du\u017cej pojemno\u015bci (75l). Wzmocniony aluminiowy stela\u017c, ergonomiczny design, mi\u0119kkie wy\u015bcie\u0142ane szelki i regulowany \u015brodek ci\u0119\u017cko\u015bci.\" \/>\n<meta property=\"og:url\" content=\"https:\/\/toidupakk.ee\/pl\/toode\/plecak-turystyczny-75l-mil-tec\/\" \/>\n<meta property=\"og:site_name\" content=\"Toidupakk.ee - Tactical Foodpack toidupakid\" \/>\n<meta property=\"article:publisher\" content=\"https:\/\/www.facebook.com\/Toidupakk\" \/>\n<meta property=\"article:modified_time\" content=\"2026-04-29T13:30:48+00:00\" \/>\n<meta property=\"og:image\" content=\"https:\/\/toidupakk.ee\/wp-content\/uploads\/2022\/03\/5-1.png\" \/>\n\t<meta property=\"og:image:width\" content=\"1080\" \/>\n\t<meta property=\"og:image:height\" content=\"1080\" \/>\n\t<meta property=\"og:image:type\" content=\"image\/png\" \/>\n<meta name=\"twitter:card\" content=\"summary_large_image\" \/>\n<meta name=\"twitter:label1\" content=\"Szacowany czas czytania\" \/>\n\t<meta name=\"twitter:data1\" content=\"2 minuty\" \/>\n<script type=\"application\/ld+json\" class=\"yoast-schema-graph\">{\"@context\":\"https:\\\/\\\/schema.org\",\"@graph\":[{\"@type\":\"WebPage\",\"@id\":\"https:\\\/\\\/toidupakk.ee\\\/pl\\\/toode\\\/plecak-turystyczny-75l-mil-tec\\\/\",\"url\":\"https:\\\/\\\/toidupakk.ee\\\/pl\\\/toode\\\/plecak-turystyczny-75l-mil-tec\\\/\",\"name\":\"Plecak turystyczny MIL-TEC\u00ae 75-litrowy\",\"isPartOf\":{\"@id\":\"https:\\\/\\\/toidupakk.ee\\\/pl\\\/#website\"},\"primaryImageOfPage\":{\"@id\":\"https:\\\/\\\/toidupakk.ee\\\/pl\\\/toode\\\/plecak-turystyczny-75l-mil-tec\\\/#primaryimage\"},\"image\":{\"@id\":\"https:\\\/\\\/toidupakk.ee\\\/pl\\\/toode\\\/plecak-turystyczny-75l-mil-tec\\\/#primaryimage\"},\"thumbnailUrl\":\"https:\\\/\\\/toidupakk.ee\\\/wp-content\\\/uploads\\\/2022\\\/03\\\/5-1.png\",\"datePublished\":\"2022-03-23T07:55:10+00:00\",\"dateModified\":\"2026-04-29T13:30:48+00:00\",\"description\":\"Plecak turystyczny o du\u017cej pojemno\u015bci (75l). Wzmocniony aluminiowy stela\u017c, ergonomiczny design, mi\u0119kkie wy\u015bcie\u0142ane szelki i regulowany \u015brodek ci\u0119\u017cko\u015bci.\",\"breadcrumb\":{\"@id\":\"https:\\\/\\\/toidupakk.ee\\\/pl\\\/toode\\\/plecak-turystyczny-75l-mil-tec\\\/#breadcrumb\"},\"inLanguage\":\"pl-PL\",\"potentialAction\":[{\"@type\":\"ReadAction\",\"target\":[\"https:\\\/\\\/toidupakk.ee\\\/pl\\\/toode\\\/plecak-turystyczny-75l-mil-tec\\\/\"]}]},{\"@type\":\"ImageObject\",\"inLanguage\":\"pl-PL\",\"@id\":\"https:\\\/\\\/toidupakk.ee\\\/pl\\\/toode\\\/plecak-turystyczny-75l-mil-tec\\\/#primaryimage\",\"url\":\"https:\\\/\\\/toidupakk.ee\\\/wp-content\\\/uploads\\\/2022\\\/03\\\/5-1.png\",\"contentUrl\":\"https:\\\/\\\/toidupakk.ee\\\/wp-content\\\/uploads\\\/2022\\\/03\\\/5-1.png\",\"width\":1080,\"height\":1080,\"caption\":\"Matka seljakott\"},{\"@type\":\"BreadcrumbList\",\"@id\":\"https:\\\/\\\/toidupakk.ee\\\/pl\\\/toode\\\/plecak-turystyczny-75l-mil-tec\\\/#breadcrumb\",\"itemListElement\":[{\"@type\":\"ListItem\",\"position\":1,\"name\":\"Avaleht\",\"item\":\"https:\\\/\\\/toidupakk.ee\\\/pl\\\/\"},{\"@type\":\"ListItem\",\"position\":2,\"name\":\"Sklep internetowy\",\"item\":\"https:\\\/\\\/toidupakk.ee\\\/pl\\\/sklep-internetowy\\\/\"},{\"@type\":\"ListItem\",\"position\":3,\"name\":\"Plecak turystyczny 75l MIL-TEC\"}]},{\"@type\":\"WebSite\",\"@id\":\"https:\\\/\\\/toidupakk.ee\\\/pl\\\/#website\",\"url\":\"https:\\\/\\\/toidupakk.ee\\\/pl\\\/\",\"name\":\"Toidupakk.ee - Tactical Foodpack toidupakid\",\"description\":\"Tactical Foodpack k\u00fclmkuivatatud toidupakid ja matkaeined\",\"publisher\":{\"@id\":\"https:\\\/\\\/toidupakk.ee\\\/pl\\\/#organization\"},\"potentialAction\":[{\"@type\":\"SearchAction\",\"target\":{\"@type\":\"EntryPoint\",\"urlTemplate\":\"https:\\\/\\\/toidupakk.ee\\\/pl\\\/?s={search_term_string}\"},\"query-input\":{\"@type\":\"PropertyValueSpecification\",\"valueRequired\":true,\"valueName\":\"search_term_string\"}}],\"inLanguage\":\"pl-PL\"},{\"@type\":\"Organization\",\"@id\":\"https:\\\/\\\/toidupakk.ee\\\/pl\\\/#organization\",\"name\":\"Tactical Foodpack matkaeined\",\"url\":\"https:\\\/\\\/toidupakk.ee\\\/pl\\\/\",\"logo\":{\"@type\":\"ImageObject\",\"inLanguage\":\"pl-PL\",\"@id\":\"https:\\\/\\\/toidupakk.ee\\\/pl\\\/#\\\/schema\\\/logo\\\/image\\\/\",\"url\":\"https:\\\/\\\/toidupakk.ee\\\/wp-content\\\/uploads\\\/2022\\\/01\\\/Toidupakk-matkapood-logo-transparent.png\",\"contentUrl\":\"https:\\\/\\\/toidupakk.ee\\\/wp-content\\\/uploads\\\/2022\\\/01\\\/Toidupakk-matkapood-logo-transparent.png\",\"width\":500,\"height\":500,\"caption\":\"Tactical Foodpack matkaeined\"},\"image\":{\"@id\":\"https:\\\/\\\/toidupakk.ee\\\/pl\\\/#\\\/schema\\\/logo\\\/image\\\/\"},\"sameAs\":[\"https:\\\/\\\/www.facebook.com\\\/Toidupakk\",\"https:\\\/\\\/www.instagram.com\\\/toidupakk\\\/\"]}]}<\/script>\n<!-- \/ Yoast SEO plugin. -->","yoast_head_json":{"title":"Plecak turystyczny MIL-TEC\u00ae 75-litrowy","description":"Plecak turystyczny o du\u017cej pojemno\u015bci (75l). Wzmocniony aluminiowy stela\u017c, ergonomiczny design, mi\u0119kkie wy\u015bcie\u0142ane szelki i regulowany \u015brodek ci\u0119\u017cko\u015bci.","robots":{"index":"index","follow":"follow","max-snippet":"max-snippet:-1","max-image-preview":"max-image-preview:large","max-video-preview":"max-video-preview:-1"},"canonical":"https:\/\/toidupakk.ee\/pl\/toode\/plecak-turystyczny-75l-mil-tec\/","og_locale":"pl_PL","og_type":"article","og_title":"Plecak turystyczny MIL-TEC\u00ae 75-litrowy","og_description":"Plecak turystyczny o du\u017cej pojemno\u015bci (75l). Wzmocniony aluminiowy stela\u017c, ergonomiczny design, mi\u0119kkie wy\u015bcie\u0142ane szelki i regulowany \u015brodek ci\u0119\u017cko\u015bci.","og_url":"https:\/\/toidupakk.ee\/pl\/toode\/plecak-turystyczny-75l-mil-tec\/","og_site_name":"Toidupakk.ee - Tactical Foodpack toidupakid","article_publisher":"https:\/\/www.facebook.com\/Toidupakk","article_modified_time":"2026-04-29T13:30:48+00:00","og_image":[{"width":1080,"height":1080,"url":"https:\/\/toidupakk.ee\/wp-content\/uploads\/2022\/03\/5-1.png","type":"image\/png"}],"twitter_card":"summary_large_image","twitter_misc":{"Szacowany czas czytania":"2 minuty"},"schema":{"@context":"https:\/\/schema.org","@graph":[{"@type":"WebPage","@id":"https:\/\/toidupakk.ee\/pl\/toode\/plecak-turystyczny-75l-mil-tec\/","url":"https:\/\/toidupakk.ee\/pl\/toode\/plecak-turystyczny-75l-mil-tec\/","name":"Plecak turystyczny MIL-TEC\u00ae 75-litrowy","isPartOf":{"@id":"https:\/\/toidupakk.ee\/pl\/#website"},"primaryImageOfPage":{"@id":"https:\/\/toidupakk.ee\/pl\/toode\/plecak-turystyczny-75l-mil-tec\/#primaryimage"},"image":{"@id":"https:\/\/toidupakk.ee\/pl\/toode\/plecak-turystyczny-75l-mil-tec\/#primaryimage"},"thumbnailUrl":"https:\/\/toidupakk.ee\/wp-content\/uploads\/2022\/03\/5-1.png","datePublished":"2022-03-23T07:55:10+00:00","dateModified":"2026-04-29T13:30:48+00:00","description":"Plecak turystyczny o du\u017cej pojemno\u015bci (75l). Wzmocniony aluminiowy stela\u017c, ergonomiczny design, mi\u0119kkie wy\u015bcie\u0142ane szelki i regulowany \u015brodek ci\u0119\u017cko\u015bci.","breadcrumb":{"@id":"https:\/\/toidupakk.ee\/pl\/toode\/plecak-turystyczny-75l-mil-tec\/#breadcrumb"},"inLanguage":"pl-PL","potentialAction":[{"@type":"ReadAction","target":["https:\/\/toidupakk.ee\/pl\/toode\/plecak-turystyczny-75l-mil-tec\/"]}]},{"@type":"ImageObject","inLanguage":"pl-PL","@id":"https:\/\/toidupakk.ee\/pl\/toode\/plecak-turystyczny-75l-mil-tec\/#primaryimage","url":"https:\/\/toidupakk.ee\/wp-content\/uploads\/2022\/03\/5-1.png","contentUrl":"https:\/\/toidupakk.ee\/wp-content\/uploads\/2022\/03\/5-1.png","width":1080,"height":1080,"caption":"Matka seljakott"},{"@type":"BreadcrumbList","@id":"https:\/\/toidupakk.ee\/pl\/toode\/plecak-turystyczny-75l-mil-tec\/#breadcrumb","itemListElement":[{"@type":"ListItem","position":1,"name":"Avaleht","item":"https:\/\/toidupakk.ee\/pl\/"},{"@type":"ListItem","position":2,"name":"Sklep internetowy","item":"https:\/\/toidupakk.ee\/pl\/sklep-internetowy\/"},{"@type":"ListItem","position":3,"name":"Plecak turystyczny 75l MIL-TEC"}]},{"@type":"WebSite","@id":"https:\/\/toidupakk.ee\/pl\/#website","url":"https:\/\/toidupakk.ee\/pl\/","name":"Toidupakk.ee - Tactical Foodpack toidupakid","description":"Tactical Foodpack k\u00fclmkuivatatud toidupakid ja matkaeined","publisher":{"@id":"https:\/\/toidupakk.ee\/pl\/#organization"},"potentialAction":[{"@type":"SearchAction","target":{"@type":"EntryPoint","urlTemplate":"https:\/\/toidupakk.ee\/pl\/?s={search_term_string}"},"query-input":{"@type":"PropertyValueSpecification","valueRequired":true,"valueName":"search_term_string"}}],"inLanguage":"pl-PL"},{"@type":"Organization","@id":"https:\/\/toidupakk.ee\/pl\/#organization","name":"Tactical Foodpack matkaeined","url":"https:\/\/toidupakk.ee\/pl\/","logo":{"@type":"ImageObject","inLanguage":"pl-PL","@id":"https:\/\/toidupakk.ee\/pl\/#\/schema\/logo\/image\/","url":"https:\/\/toidupakk.ee\/wp-content\/uploads\/2022\/01\/Toidupakk-matkapood-logo-transparent.png","contentUrl":"https:\/\/toidupakk.ee\/wp-content\/uploads\/2022\/01\/Toidupakk-matkapood-logo-transparent.png","width":500,"height":500,"caption":"Tactical Foodpack matkaeined"},"image":{"@id":"https:\/\/toidupakk.ee\/pl\/#\/schema\/logo\/image\/"},"sameAs":["https:\/\/www.facebook.com\/Toidupakk","https:\/\/www.instagram.com\/toidupakk\/"]}]}},"jetpack_sharing_enabled":true,"_links":{"self":[{"href":"https:\/\/toidupakk.ee\/pl\/wp-json\/wp\/v2\/product\/52626","targetHints":{"allow":["GET"]}}],"collection":[{"href":"https:\/\/toidupakk.ee\/pl\/wp-json\/wp\/v2\/product"}],"about":[{"href":"https:\/\/toidupakk.ee\/pl\/wp-json\/wp\/v2\/types\/product"}],"replies":[{"embeddable":true,"href":"https:\/\/toidupakk.ee\/pl\/wp-json\/wp\/v2\/comments?post=52626"}],"wp:featuredmedia":[{"embeddable":true,"href":"https:\/\/toidupakk.ee\/pl\/wp-json\/wp\/v2\/media\/1624"}],"wp:attachment":[{"href":"https:\/\/toidupakk.ee\/pl\/wp-json\/wp\/v2\/media?parent=52626"}],"wp:term":[{"taxonomy":"product_brand","embeddable":true,"href":"https:\/\/toidupakk.ee\/pl\/wp-json\/wp\/v2\/product_brand?post=52626"},{"taxonomy":"product_cat","embeddable":true,"href":"https:\/\/toidupakk.ee\/pl\/wp-json\/wp\/v2\/product_cat?post=52626"},{"taxonomy":"product_tag","embeddable":true,"href":"https:\/\/toidupakk.ee\/pl\/wp-json\/wp\/v2\/product_tag?post=52626"}],"curies":[{"name":"wp","href":"https:\/\/api.w.org\/{rel}","templated":true}]}}