{"id":52464,"date":"2023-09-13T14:23:08","date_gmt":"2023-09-13T11:23:08","guid":{"rendered":"https:\/\/toidupakk.ee\/toode\/plaszcz-przeciwdeszczowy-mil-tec\/"},"modified":"2026-04-29T16:32:07","modified_gmt":"2026-04-29T13:32:07","slug":"plaszcz-przeciwdeszczowy-mil-tec","status":"publish","type":"product","link":"https:\/\/toidupakk.ee\/pl\/toode\/plaszcz-przeciwdeszczowy-mil-tec\/","title":{"rendered":"P\u0142aszcz przeciwdeszczowy MIL-TEC\u00ae"},"content":{"rendered":"<h1><img fetchpriority=\"high\" decoding=\"async\" class=\"wp-image-13943 size-thumbnail alignright\" style=\"font-size: 16px;\" src=\"https:\/\/toidupakk.ee\/wp-content\/uploads\/2023\/09\/Vihmamantel-kapuutsiga-MIL-TEC-3-500x500.png\" alt=\"p\u0142aszcz przeciwdeszczowy z kapturem\" width=\"500\" height=\"500\" srcset=\"https:\/\/toidupakk.ee\/wp-content\/uploads\/2023\/09\/Vihmamantel-kapuutsiga-MIL-TEC-3-500x500.png 500w, https:\/\/toidupakk.ee\/wp-content\/uploads\/2023\/09\/Vihmamantel-kapuutsiga-MIL-TEC-3-400x400.png 400w, https:\/\/toidupakk.ee\/wp-content\/uploads\/2023\/09\/Vihmamantel-kapuutsiga-MIL-TEC-3-100x100.png 100w, https:\/\/toidupakk.ee\/wp-content\/uploads\/2023\/09\/Vihmamantel-kapuutsiga-MIL-TEC-3-300x300.png 300w, https:\/\/toidupakk.ee\/wp-content\/uploads\/2023\/09\/Vihmamantel-kapuutsiga-MIL-TEC-3-768x768.png 768w, https:\/\/toidupakk.ee\/wp-content\/uploads\/2023\/09\/Vihmamantel-kapuutsiga-MIL-TEC-3.png 800w\" sizes=\"(max-width: 500px) 100vw, 500px\" \/><\/h1>\n<h1>P\u0142aszcz przeciwdeszczowy MIL-TEC\u00ae z kapturem<\/h1>\n<p>Dlaczego warto wybra\u0107 p\u0142aszcz przeciwdeszczowy z kapturem? To praktyczny i stylowy wyb\u00f3r dla tych, kt\u00f3rzy chc\u0105 pozosta\u0107 suchi i modni nawet w deszczow\u0105 pogod\u0119. Ta wszechstronna odzie\u017c to idealne rozwi\u0105zanie na niespodziewane ulewy, \u015bwietnie sprawdzaj\u0105ce si\u0119 w codziennym u\u017cytkowaniu.  <\/p>\n<p>W naszym sklepie internetowym oferujemy szeroki wyb\u00f3r p\u0142aszczy przeciwdeszczowych z kapturem, kt\u00f3re zaspokoj\u0105 wszelkie gusta i preferencje. W ofercie znajdziesz r\u00f3\u017cne kolory, rozmiary i wzory, dzi\u0119ki czemu ka\u017cdy dopasuje styl do siebie. Niezale\u017cnie od tego, czy potrzebujesz p\u0142aszcza do pracy, szko\u0142y, na w\u0119dr\u00f3wk\u0119 czy wypraw\u0119 przygodow\u0105, u nas na pewno znajdziesz co\u015b odpowiedniego.  <\/p>\n<p>Nasze p\u0142aszcze przeciwdeszczowe z kapturem s\u0105 wykonane z wysokiej jako\u015bci materia\u0142\u00f3w, kt\u00f3re zapewniaj\u0105 d\u0142ugotrwa\u0142\u0105 wytrzyma\u0142o\u015b\u0107 i wodoodporno\u015b\u0107. Kaptur chroni przed deszczem, dbaj\u0105c o to, by Twoje w\u0142osy i twarz pozosta\u0142y suche. P\u0142aszcze wyposa\u017cono r\u00f3wnie\u017c w praktyczne kieszenie na drobiazgi, takie jak klucze czy telefon.  <\/p>\n<p>B\u0105d\u017a gotowy na deszcz i zadbaj o to, by mie\u0107 pod r\u0119k\u0105 wysokiej jako\u015bci p\u0142aszcz z kapturem. W naszym sklepie wybierzesz idealny model i zam\u00f3wisz go szybko i wygodnie. Dzi\u0119ki temu mo\u017cesz cieszy\u0107 si\u0119 pogod\u0105 bez obaw o przemoczenie ubra\u0144. P\u0142aszcz przeciwdeszczowy z kapturem \u2013 praktyczny, stylowy i niezb\u0119dny element ka\u017cdej garderoby.   <\/p>\n<p>Znajd\u017a inspiracj\u0119 na kolejne przygody na <a href=\"https:\/\/www.instagram.com\/toidupakk\/\">Instagramie<\/a> i <a href=\"https:\/\/www.facebook.com\/Toidupakk\/\">Facebooku<\/a> Toidupakk.<\/p>\n<p>Zobacz sprz\u0119t turystyczny <a href=\"https:\/\/toidupakk.ee\/pl\/tootekategooria\/sprzet-turystyczny\/#section-3-79\">TUTAJ<\/a>.<\/p>\n","protected":false},"excerpt":{"rendered":"<p>P\u0142aszcz przeciwdeszczowy z kapturem i d\u0142ugim r\u0119kawem, wykonany z lekkiego materia\u0142u odpornego na deszcz i wiatr. <strong>Szwy p\u0142aszcza s\u0105 podklejone<\/strong> dla zapewnienia wodoodporno\u015bci. Kaptur jest regulowany za pomoc\u0105 sznurk\u00f3w.  <\/p>\n<ul>\n<li><strong>W zestawie z kompaktowym pokrowcem<\/strong> \u2013 zajmuje bardzo ma\u0142o miejsca i idealnie nadaje si\u0119 do przechowywania np. w schowku samochodowym<\/li>\n<li>2 pojemne kieszenie na drobiazgi<\/li>\n<li><strong>Chowany kaptur<\/strong> \u2013 w razie potrzeby kaptur mo\u017cna schowa\u0107 w ko\u0142nierzu<\/li>\n<li>Sznurki do regulacji kaptura<\/li>\n<li>Materia\u0142: 100% poliester PVC, <strong>pokryty termoplastyczn\u0105 pow\u0142ok\u0105 z polichlorku winylu<\/strong><\/li>\n<li>Marka: <strong>MIL-TEC\u00ae<\/strong><\/li>\n<li>Kolor: czarny<\/li>\n<li>Model unisex \u2013 odpowiedni dla kobiet i m\u0119\u017cczyzn<\/li>\n<li>Sezony: wiosna \/ lato \/ jesie\u0144<\/li>\n<li>Rozmiary: S; M; L; XL; XXL; 3XL<\/li>\n<\/ul>\n<p>\u2705 Dost\u0119pny w magazynie, szybka dostawa 1-3 dni robocze \/ <strong>UWAGA! W przypadku niekt\u00f3rych rozmiar\u00f3w czas dostawy mo\u017ce by\u0107 d\u0142u\u017cszy<\/strong><br \/>\n\u2705 BEZP\u0141ATNY zwrot i wymiana, je\u015bli rozmiar nie pasuje<\/p>\n","protected":false},"featured_media":13941,"comment_status":"open","ping_status":"closed","template":"","meta":{"_acf_changed":false},"product_brand":[],"product_cat":[303,318,317,319,301,304],"product_tag":[],"class_list":{"0":"post-52464","1":"product","2":"type-product","3":"status-publish","4":"has-post-thumbnail","6":"product_cat-akcesoria-turystyczne","7":"product_cat-kurtki","8":"product_cat-mil-tec","9":"product_cat-odziez","10":"product_cat-sprzet-turystyczny","11":"product_cat-wyposazenie-militarne","13":"first","14":"instock","15":"taxable","16":"shipping-taxable","17":"purchasable","18":"product-type-variable","19":"has-default-attributes"},"bundled_by":[],"bundle_stock_status":"instock","bundle_stock_quantity":null,"bundle_virtual":false,"bundle_layout":"","bundle_add_to_cart_form_location":"","bundle_editable_in_cart":false,"bundle_sold_individually_context":"","bundle_item_grouping":"","bundle_min_size":"","bundle_max_size":"","bundle_price":[],"bundled_items":[],"bundle_sell_ids":[],"acf":[],"yoast_head":"<!-- This site is optimized with the Yoast SEO plugin v27.3 - https:\/\/yoast.com\/product\/yoast-seo-wordpress\/ -->\n<title>P\u0142aszcz przeciwdeszczowy MIL-TEC\u00ae<\/title>\n<meta name=\"description\" content=\"P\u0142aszcz przeciwdeszczowy z d\u0142ugim r\u0119kawem i chowanym kapturem. Wykonany z lekkiego, deszczo- i wiatroszczelnego materia\u0142u. Szwy zosta\u0142y podklejone, aby zapewni\u0107 pe\u0142n\u0105 wodoodporno\u015b\u0107.\" \/>\n<meta name=\"robots\" content=\"index, follow, max-snippet:-1, max-image-preview:large, max-video-preview:-1\" \/>\n<link rel=\"canonical\" href=\"https:\/\/toidupakk.ee\/pl\/toode\/plaszcz-przeciwdeszczowy-mil-tec\/\" \/>\n<meta property=\"og:locale\" content=\"pl_PL\" \/>\n<meta property=\"og:type\" content=\"article\" \/>\n<meta property=\"og:title\" content=\"P\u0142aszcz przeciwdeszczowy MIL-TEC\u00ae\" \/>\n<meta property=\"og:description\" content=\"P\u0142aszcz przeciwdeszczowy z d\u0142ugim r\u0119kawem i chowanym kapturem. Wykonany z lekkiego, deszczo- i wiatroszczelnego materia\u0142u. Szwy zosta\u0142y podklejone, aby zapewni\u0107 pe\u0142n\u0105 wodoodporno\u015b\u0107.\" \/>\n<meta property=\"og:url\" content=\"https:\/\/toidupakk.ee\/pl\/toode\/plaszcz-przeciwdeszczowy-mil-tec\/\" \/>\n<meta property=\"og:site_name\" content=\"Toidupakk.ee - Tactical Foodpack toidupakid\" \/>\n<meta property=\"article:publisher\" content=\"https:\/\/www.facebook.com\/Toidupakk\" \/>\n<meta property=\"article:modified_time\" content=\"2026-04-29T13:32:07+00:00\" \/>\n<meta property=\"og:image\" content=\"https:\/\/toidupakk.ee\/wp-content\/uploads\/2023\/09\/Vihmamantel-kapuutsiga-MIL-TEC-1.png\" \/>\n\t<meta property=\"og:image:width\" content=\"800\" \/>\n\t<meta property=\"og:image:height\" content=\"800\" \/>\n\t<meta property=\"og:image:type\" content=\"image\/png\" \/>\n<meta name=\"twitter:card\" content=\"summary_large_image\" \/>\n<meta name=\"twitter:label1\" content=\"Szacowany czas czytania\" \/>\n\t<meta name=\"twitter:data1\" content=\"1 minuta\" \/>\n<script type=\"application\/ld+json\" class=\"yoast-schema-graph\">{\"@context\":\"https:\\\/\\\/schema.org\",\"@graph\":[{\"@type\":\"WebPage\",\"@id\":\"https:\\\/\\\/toidupakk.ee\\\/pl\\\/toode\\\/plaszcz-przeciwdeszczowy-mil-tec\\\/\",\"url\":\"https:\\\/\\\/toidupakk.ee\\\/pl\\\/toode\\\/plaszcz-przeciwdeszczowy-mil-tec\\\/\",\"name\":\"P\u0142aszcz przeciwdeszczowy MIL-TEC\u00ae\",\"isPartOf\":{\"@id\":\"https:\\\/\\\/toidupakk.ee\\\/pl\\\/#website\"},\"primaryImageOfPage\":{\"@id\":\"https:\\\/\\\/toidupakk.ee\\\/pl\\\/toode\\\/plaszcz-przeciwdeszczowy-mil-tec\\\/#primaryimage\"},\"image\":{\"@id\":\"https:\\\/\\\/toidupakk.ee\\\/pl\\\/toode\\\/plaszcz-przeciwdeszczowy-mil-tec\\\/#primaryimage\"},\"thumbnailUrl\":\"https:\\\/\\\/toidupakk.ee\\\/wp-content\\\/uploads\\\/2023\\\/09\\\/Vihmamantel-kapuutsiga-MIL-TEC-1.png\",\"datePublished\":\"2023-09-13T11:23:08+00:00\",\"dateModified\":\"2026-04-29T13:32:07+00:00\",\"description\":\"P\u0142aszcz przeciwdeszczowy z d\u0142ugim r\u0119kawem i chowanym kapturem. Wykonany z lekkiego, deszczo- i wiatroszczelnego materia\u0142u. Szwy zosta\u0142y podklejone, aby zapewni\u0107 pe\u0142n\u0105 wodoodporno\u015b\u0107.\",\"breadcrumb\":{\"@id\":\"https:\\\/\\\/toidupakk.ee\\\/pl\\\/toode\\\/plaszcz-przeciwdeszczowy-mil-tec\\\/#breadcrumb\"},\"inLanguage\":\"pl-PL\",\"potentialAction\":[{\"@type\":\"ReadAction\",\"target\":[\"https:\\\/\\\/toidupakk.ee\\\/pl\\\/toode\\\/plaszcz-przeciwdeszczowy-mil-tec\\\/\"]}]},{\"@type\":\"ImageObject\",\"inLanguage\":\"pl-PL\",\"@id\":\"https:\\\/\\\/toidupakk.ee\\\/pl\\\/toode\\\/plaszcz-przeciwdeszczowy-mil-tec\\\/#primaryimage\",\"url\":\"https:\\\/\\\/toidupakk.ee\\\/wp-content\\\/uploads\\\/2023\\\/09\\\/Vihmamantel-kapuutsiga-MIL-TEC-1.png\",\"contentUrl\":\"https:\\\/\\\/toidupakk.ee\\\/wp-content\\\/uploads\\\/2023\\\/09\\\/Vihmamantel-kapuutsiga-MIL-TEC-1.png\",\"width\":800,\"height\":800,\"caption\":\"vihmamantel must\"},{\"@type\":\"BreadcrumbList\",\"@id\":\"https:\\\/\\\/toidupakk.ee\\\/pl\\\/toode\\\/plaszcz-przeciwdeszczowy-mil-tec\\\/#breadcrumb\",\"itemListElement\":[{\"@type\":\"ListItem\",\"position\":1,\"name\":\"Avaleht\",\"item\":\"https:\\\/\\\/toidupakk.ee\\\/pl\\\/\"},{\"@type\":\"ListItem\",\"position\":2,\"name\":\"Sklep internetowy\",\"item\":\"https:\\\/\\\/toidupakk.ee\\\/pl\\\/sklep-internetowy\\\/\"},{\"@type\":\"ListItem\",\"position\":3,\"name\":\"P\u0142aszcz przeciwdeszczowy MIL-TEC\u00ae\"}]},{\"@type\":\"WebSite\",\"@id\":\"https:\\\/\\\/toidupakk.ee\\\/pl\\\/#website\",\"url\":\"https:\\\/\\\/toidupakk.ee\\\/pl\\\/\",\"name\":\"Toidupakk.ee - Tactical Foodpack toidupakid\",\"description\":\"Tactical Foodpack k\u00fclmkuivatatud toidupakid ja matkaeined\",\"publisher\":{\"@id\":\"https:\\\/\\\/toidupakk.ee\\\/pl\\\/#organization\"},\"potentialAction\":[{\"@type\":\"SearchAction\",\"target\":{\"@type\":\"EntryPoint\",\"urlTemplate\":\"https:\\\/\\\/toidupakk.ee\\\/pl\\\/?s={search_term_string}\"},\"query-input\":{\"@type\":\"PropertyValueSpecification\",\"valueRequired\":true,\"valueName\":\"search_term_string\"}}],\"inLanguage\":\"pl-PL\"},{\"@type\":\"Organization\",\"@id\":\"https:\\\/\\\/toidupakk.ee\\\/pl\\\/#organization\",\"name\":\"Tactical Foodpack matkaeined\",\"url\":\"https:\\\/\\\/toidupakk.ee\\\/pl\\\/\",\"logo\":{\"@type\":\"ImageObject\",\"inLanguage\":\"pl-PL\",\"@id\":\"https:\\\/\\\/toidupakk.ee\\\/pl\\\/#\\\/schema\\\/logo\\\/image\\\/\",\"url\":\"https:\\\/\\\/toidupakk.ee\\\/wp-content\\\/uploads\\\/2022\\\/01\\\/Toidupakk-matkapood-logo-transparent.png\",\"contentUrl\":\"https:\\\/\\\/toidupakk.ee\\\/wp-content\\\/uploads\\\/2022\\\/01\\\/Toidupakk-matkapood-logo-transparent.png\",\"width\":500,\"height\":500,\"caption\":\"Tactical Foodpack matkaeined\"},\"image\":{\"@id\":\"https:\\\/\\\/toidupakk.ee\\\/pl\\\/#\\\/schema\\\/logo\\\/image\\\/\"},\"sameAs\":[\"https:\\\/\\\/www.facebook.com\\\/Toidupakk\",\"https:\\\/\\\/www.instagram.com\\\/toidupakk\\\/\"]}]}<\/script>\n<!-- \/ Yoast SEO plugin. -->","yoast_head_json":{"title":"P\u0142aszcz przeciwdeszczowy MIL-TEC\u00ae","description":"P\u0142aszcz przeciwdeszczowy z d\u0142ugim r\u0119kawem i chowanym kapturem. Wykonany z lekkiego, deszczo- i wiatroszczelnego materia\u0142u. Szwy zosta\u0142y podklejone, aby zapewni\u0107 pe\u0142n\u0105 wodoodporno\u015b\u0107.","robots":{"index":"index","follow":"follow","max-snippet":"max-snippet:-1","max-image-preview":"max-image-preview:large","max-video-preview":"max-video-preview:-1"},"canonical":"https:\/\/toidupakk.ee\/pl\/toode\/plaszcz-przeciwdeszczowy-mil-tec\/","og_locale":"pl_PL","og_type":"article","og_title":"P\u0142aszcz przeciwdeszczowy MIL-TEC\u00ae","og_description":"P\u0142aszcz przeciwdeszczowy z d\u0142ugim r\u0119kawem i chowanym kapturem. Wykonany z lekkiego, deszczo- i wiatroszczelnego materia\u0142u. Szwy zosta\u0142y podklejone, aby zapewni\u0107 pe\u0142n\u0105 wodoodporno\u015b\u0107.","og_url":"https:\/\/toidupakk.ee\/pl\/toode\/plaszcz-przeciwdeszczowy-mil-tec\/","og_site_name":"Toidupakk.ee - Tactical Foodpack toidupakid","article_publisher":"https:\/\/www.facebook.com\/Toidupakk","article_modified_time":"2026-04-29T13:32:07+00:00","og_image":[{"width":800,"height":800,"url":"https:\/\/toidupakk.ee\/wp-content\/uploads\/2023\/09\/Vihmamantel-kapuutsiga-MIL-TEC-1.png","type":"image\/png"}],"twitter_card":"summary_large_image","twitter_misc":{"Szacowany czas czytania":"1 minuta"},"schema":{"@context":"https:\/\/schema.org","@graph":[{"@type":"WebPage","@id":"https:\/\/toidupakk.ee\/pl\/toode\/plaszcz-przeciwdeszczowy-mil-tec\/","url":"https:\/\/toidupakk.ee\/pl\/toode\/plaszcz-przeciwdeszczowy-mil-tec\/","name":"P\u0142aszcz przeciwdeszczowy MIL-TEC\u00ae","isPartOf":{"@id":"https:\/\/toidupakk.ee\/pl\/#website"},"primaryImageOfPage":{"@id":"https:\/\/toidupakk.ee\/pl\/toode\/plaszcz-przeciwdeszczowy-mil-tec\/#primaryimage"},"image":{"@id":"https:\/\/toidupakk.ee\/pl\/toode\/plaszcz-przeciwdeszczowy-mil-tec\/#primaryimage"},"thumbnailUrl":"https:\/\/toidupakk.ee\/wp-content\/uploads\/2023\/09\/Vihmamantel-kapuutsiga-MIL-TEC-1.png","datePublished":"2023-09-13T11:23:08+00:00","dateModified":"2026-04-29T13:32:07+00:00","description":"P\u0142aszcz przeciwdeszczowy z d\u0142ugim r\u0119kawem i chowanym kapturem. Wykonany z lekkiego, deszczo- i wiatroszczelnego materia\u0142u. Szwy zosta\u0142y podklejone, aby zapewni\u0107 pe\u0142n\u0105 wodoodporno\u015b\u0107.","breadcrumb":{"@id":"https:\/\/toidupakk.ee\/pl\/toode\/plaszcz-przeciwdeszczowy-mil-tec\/#breadcrumb"},"inLanguage":"pl-PL","potentialAction":[{"@type":"ReadAction","target":["https:\/\/toidupakk.ee\/pl\/toode\/plaszcz-przeciwdeszczowy-mil-tec\/"]}]},{"@type":"ImageObject","inLanguage":"pl-PL","@id":"https:\/\/toidupakk.ee\/pl\/toode\/plaszcz-przeciwdeszczowy-mil-tec\/#primaryimage","url":"https:\/\/toidupakk.ee\/wp-content\/uploads\/2023\/09\/Vihmamantel-kapuutsiga-MIL-TEC-1.png","contentUrl":"https:\/\/toidupakk.ee\/wp-content\/uploads\/2023\/09\/Vihmamantel-kapuutsiga-MIL-TEC-1.png","width":800,"height":800,"caption":"vihmamantel must"},{"@type":"BreadcrumbList","@id":"https:\/\/toidupakk.ee\/pl\/toode\/plaszcz-przeciwdeszczowy-mil-tec\/#breadcrumb","itemListElement":[{"@type":"ListItem","position":1,"name":"Avaleht","item":"https:\/\/toidupakk.ee\/pl\/"},{"@type":"ListItem","position":2,"name":"Sklep internetowy","item":"https:\/\/toidupakk.ee\/pl\/sklep-internetowy\/"},{"@type":"ListItem","position":3,"name":"P\u0142aszcz przeciwdeszczowy MIL-TEC\u00ae"}]},{"@type":"WebSite","@id":"https:\/\/toidupakk.ee\/pl\/#website","url":"https:\/\/toidupakk.ee\/pl\/","name":"Toidupakk.ee - Tactical Foodpack toidupakid","description":"Tactical Foodpack k\u00fclmkuivatatud toidupakid ja matkaeined","publisher":{"@id":"https:\/\/toidupakk.ee\/pl\/#organization"},"potentialAction":[{"@type":"SearchAction","target":{"@type":"EntryPoint","urlTemplate":"https:\/\/toidupakk.ee\/pl\/?s={search_term_string}"},"query-input":{"@type":"PropertyValueSpecification","valueRequired":true,"valueName":"search_term_string"}}],"inLanguage":"pl-PL"},{"@type":"Organization","@id":"https:\/\/toidupakk.ee\/pl\/#organization","name":"Tactical Foodpack matkaeined","url":"https:\/\/toidupakk.ee\/pl\/","logo":{"@type":"ImageObject","inLanguage":"pl-PL","@id":"https:\/\/toidupakk.ee\/pl\/#\/schema\/logo\/image\/","url":"https:\/\/toidupakk.ee\/wp-content\/uploads\/2022\/01\/Toidupakk-matkapood-logo-transparent.png","contentUrl":"https:\/\/toidupakk.ee\/wp-content\/uploads\/2022\/01\/Toidupakk-matkapood-logo-transparent.png","width":500,"height":500,"caption":"Tactical Foodpack matkaeined"},"image":{"@id":"https:\/\/toidupakk.ee\/pl\/#\/schema\/logo\/image\/"},"sameAs":["https:\/\/www.facebook.com\/Toidupakk","https:\/\/www.instagram.com\/toidupakk\/"]}]}},"jetpack_sharing_enabled":true,"_links":{"self":[{"href":"https:\/\/toidupakk.ee\/pl\/wp-json\/wp\/v2\/product\/52464","targetHints":{"allow":["GET"]}}],"collection":[{"href":"https:\/\/toidupakk.ee\/pl\/wp-json\/wp\/v2\/product"}],"about":[{"href":"https:\/\/toidupakk.ee\/pl\/wp-json\/wp\/v2\/types\/product"}],"replies":[{"embeddable":true,"href":"https:\/\/toidupakk.ee\/pl\/wp-json\/wp\/v2\/comments?post=52464"}],"wp:featuredmedia":[{"embeddable":true,"href":"https:\/\/toidupakk.ee\/pl\/wp-json\/wp\/v2\/media\/13941"}],"wp:attachment":[{"href":"https:\/\/toidupakk.ee\/pl\/wp-json\/wp\/v2\/media?parent=52464"}],"wp:term":[{"taxonomy":"product_brand","embeddable":true,"href":"https:\/\/toidupakk.ee\/pl\/wp-json\/wp\/v2\/product_brand?post=52464"},{"taxonomy":"product_cat","embeddable":true,"href":"https:\/\/toidupakk.ee\/pl\/wp-json\/wp\/v2\/product_cat?post=52464"},{"taxonomy":"product_tag","embeddable":true,"href":"https:\/\/toidupakk.ee\/pl\/wp-json\/wp\/v2\/product_tag?post=52464"}],"curies":[{"name":"wp","href":"https:\/\/api.w.org\/{rel}","templated":true}]}}