{"id":51537,"date":"2022-08-11T13:15:12","date_gmt":"2022-08-11T10:15:12","guid":{"rendered":"https:\/\/toidupakk.ee\/toode\/radio-i-powerbank-z-dynamem-i-panelem-slonecznym\/"},"modified":"2026-04-29T15:31:58","modified_gmt":"2026-04-29T12:31:58","slug":"radio-i-powerbank-z-dynamem-i-panelem-slonecznym","status":"publish","type":"product","link":"https:\/\/toidupakk.ee\/pl\/toode\/radio-i-powerbank-z-dynamem-i-panelem-slonecznym\/","title":{"rendered":"Radio i powerbank z dynamem i panelem s\u0142onecznym"},"content":{"rendered":"<h1>Radio i powerbank z dynamem i panelem s\u0142onecznym<\/h1>\n<p>Lubisz s\u0142ucha\u0107 radia na kempingu, w gara\u017cu czy podczas prac w ogrodzie? Pewnie my\u015blisz o radiu przeno\u015bnym. A mo\u017ce wybierzesz takie, kt\u00f3re pomo\u017ce te\u017c w sytuacjach kryzysowych, np. podczas awarii pr\u0105du? Radio\/powerbank z dynamem i panelem s\u0142onecznym ma te\u017c solidn\u0105 latark\u0119 LED \u2013 to przydatne urz\u0105dzenie 3 w 1. Nie musisz si\u0119 martwi\u0107 o \u0142adowanie, bo opcji jest kilka. To wielofunkcyjne radio 2000 mAh ma a\u017c trzy sposoby \u0142adowania: korbka, energia s\u0142oneczna lub kabel USB. Dzi\u0119ki temu nigdy Ci\u0119 nie zawiedzie, a Ty b\u0119dziesz mie\u0107 dost\u0119p do wiadomo\u015bci i \u015bwiat\u0142a jednocze\u015bnie.      <\/p>\n<p><img fetchpriority=\"high\" decoding=\"async\" class=\"alignnone wp-image-2953 size-thumbnail\" src=\"https:\/\/toidupakk.ee\/wp-content\/uploads\/2022\/08\/Dunamo-ja-paikesepatareiga-raadio-akupank-2-500x500.png\" alt=\"radio na korbk\u0119\" width=\"500\" height=\"500\" srcset=\"https:\/\/toidupakk.ee\/wp-content\/uploads\/2022\/08\/Dunamo-ja-paikesepatareiga-raadio-akupank-2-500x500.png 500w, https:\/\/toidupakk.ee\/wp-content\/uploads\/2022\/08\/Dunamo-ja-paikesepatareiga-raadio-akupank-2-400x400.png 400w, https:\/\/toidupakk.ee\/wp-content\/uploads\/2022\/08\/Dunamo-ja-paikesepatareiga-raadio-akupank-2-100x100.png 100w, https:\/\/toidupakk.ee\/wp-content\/uploads\/2022\/08\/Dunamo-ja-paikesepatareiga-raadio-akupank-2-800x800.png 800w, https:\/\/toidupakk.ee\/wp-content\/uploads\/2022\/08\/Dunamo-ja-paikesepatareiga-raadio-akupank-2-300x300.png 300w, https:\/\/toidupakk.ee\/wp-content\/uploads\/2022\/08\/Dunamo-ja-paikesepatareiga-raadio-akupank-2-1024x1024.png 1024w, https:\/\/toidupakk.ee\/wp-content\/uploads\/2022\/08\/Dunamo-ja-paikesepatareiga-raadio-akupank-2-768x768.png 768w, https:\/\/toidupakk.ee\/wp-content\/uploads\/2022\/08\/Dunamo-ja-paikesepatareiga-raadio-akupank-2.png 1080w\" sizes=\"(max-width: 500px) 100vw, 500px\" \/><\/p>\n<h2>Ma\u0142e i kompaktowe<\/h2>\n<p>Trzymaj je w szufladzie, gara\u017cu, domku letniskowym, piwnicy lub zabierz ze sob\u0105 na wypraw\u0119 do lasu. Radio z dynamem jest lekkie i nie zajmuje du\u017co miejsca w plecaku \u2013 mo\u017cesz je do niego przypi\u0105\u0107 lub nosi\u0107 na nadgarstku dzi\u0119ki smyczy. Jest na tyle ma\u0142e, \u017ce zmie\u015bci si\u0119 nawet w kieszeni.  <\/p>\n<p><img decoding=\"async\" class=\"alignnone wp-image-2952 size-thumbnail\" src=\"https:\/\/toidupakk.ee\/wp-content\/uploads\/2022\/08\/Dunamo-ja-paikesepatareiga-raadio-akupank-1-500x500.jpg\" alt=\"radio na korbk\u0119\" width=\"500\" height=\"500\" srcset=\"https:\/\/toidupakk.ee\/wp-content\/uploads\/2022\/08\/Dunamo-ja-paikesepatareiga-raadio-akupank-1-500x500.jpg 500w, https:\/\/toidupakk.ee\/wp-content\/uploads\/2022\/08\/Dunamo-ja-paikesepatareiga-raadio-akupank-1-400x400.jpg 400w, https:\/\/toidupakk.ee\/wp-content\/uploads\/2022\/08\/Dunamo-ja-paikesepatareiga-raadio-akupank-1-100x100.jpg 100w, https:\/\/toidupakk.ee\/wp-content\/uploads\/2022\/08\/Dunamo-ja-paikesepatareiga-raadio-akupank-1-800x800.jpg 800w, https:\/\/toidupakk.ee\/wp-content\/uploads\/2022\/08\/Dunamo-ja-paikesepatareiga-raadio-akupank-1-300x300.jpg 300w, https:\/\/toidupakk.ee\/wp-content\/uploads\/2022\/08\/Dunamo-ja-paikesepatareiga-raadio-akupank-1-1024x1024.jpg 1024w, https:\/\/toidupakk.ee\/wp-content\/uploads\/2022\/08\/Dunamo-ja-paikesepatareiga-raadio-akupank-1-768x768.jpg 768w, https:\/\/toidupakk.ee\/wp-content\/uploads\/2022\/08\/Dunamo-ja-paikesepatareiga-raadio-akupank-1.jpg 1080w\" sizes=\"(max-width: 500px) 100vw, 500px\" \/><\/p>\n<h2>Zapasowy powerbank<\/h2>\n<p>Opr\u00f3cz radia i latarki LED, urz\u0105dzenie s\u0142u\u017cy jako powerbank przez kabel USB \u2013 na\u0142adujesz nim telefon czy smartwatch. Wyobra\u017a sobie: jeste\u015b na szlaku, telefon pada, a Ty po prostu wyjmujesz radio, k\u0142adziesz je na s\u0142o\u0144cu lub po prostu kr\u0119cisz korbk\u0105 i gotowe \u2013 powerbank i telefon zn\u00f3w dzia\u0142aj\u0105. Wska\u017anik baterii poinformuje Ci\u0119 o jej stanie.  <\/p>\n<p><img decoding=\"async\" class=\"alignnone wp-image-2955 size-thumbnail\" src=\"https:\/\/toidupakk.ee\/wp-content\/uploads\/2022\/08\/Dunamo-ja-paikesepatareiga-raadio-akupank-4-500x500.png\" alt=\"radio na korbk\u0119\" width=\"500\" height=\"500\" srcset=\"https:\/\/toidupakk.ee\/wp-content\/uploads\/2022\/08\/Dunamo-ja-paikesepatareiga-raadio-akupank-4-500x500.png 500w, https:\/\/toidupakk.ee\/wp-content\/uploads\/2022\/08\/Dunamo-ja-paikesepatareiga-raadio-akupank-4-400x400.png 400w, https:\/\/toidupakk.ee\/wp-content\/uploads\/2022\/08\/Dunamo-ja-paikesepatareiga-raadio-akupank-4-100x100.png 100w, https:\/\/toidupakk.ee\/wp-content\/uploads\/2022\/08\/Dunamo-ja-paikesepatareiga-raadio-akupank-4-800x800.png 800w, https:\/\/toidupakk.ee\/wp-content\/uploads\/2022\/08\/Dunamo-ja-paikesepatareiga-raadio-akupank-4-300x300.png 300w, https:\/\/toidupakk.ee\/wp-content\/uploads\/2022\/08\/Dunamo-ja-paikesepatareiga-raadio-akupank-4-1024x1024.png 1024w, https:\/\/toidupakk.ee\/wp-content\/uploads\/2022\/08\/Dunamo-ja-paikesepatareiga-raadio-akupank-4-768x768.png 768w, https:\/\/toidupakk.ee\/wp-content\/uploads\/2022\/08\/Dunamo-ja-paikesepatareiga-raadio-akupank-4.png 1080w\" sizes=\"(max-width: 500px) 100vw, 500px\" \/><\/p>\n<h2>Radio\/powerbank z dynamem i panelem s\u0142onecznym \u2013 obs\u0142uga:<\/h2>\n<p><strong>Radio<\/strong><\/p>\n<p>Aby w\u0142\u0105czy\u0107 radio i wyregulowa\u0107 g\u0142o\u015bno\u015b\u0107, przekr\u0119\u0107 pokr\u0119t\u0142o VOLUME zgodnie z ruchem wskaz\u00f3wek zegara.<\/p>\n<p>Wybierz pasmo AM lub FM. Aby uzyska\u0107 lepszy odbi\u00f3r, wyci\u0105gnij anten\u0119. <\/p>\n<p>Aby wybra\u0107 stacj\u0119, kr\u0119\u0107 pokr\u0119t\u0142em TUNING.<\/p>\n<p>Gdy stacja zostanie dostrojona, zapali si\u0119 czerwona kontrolka.<\/p>\n<p>&nbsp;<\/p>\n<p><strong>Latarka<\/strong><\/p>\n<p>Aby w\u0142\u0105czy\u0107 lub wy\u0142\u0105czy\u0107 latark\u0119, naci\u015bnij silikonowy przycisk na g\u00f3rze urz\u0105dzenia.<\/p>\n<p>&nbsp;<\/p>\n<p><strong> Radio\/powerbank z dynamem i panelem s\u0142onecznym \u2013 \u0142adowanie:<\/strong><\/p>\n<p>Radio mo\u017cna \u0142adowa\u0107 na 3 sposoby: energia s\u0142oneczna \/ dynamo (korbka) \/ USB.<\/p>\n<p>&nbsp;<\/p>\n<p><strong>1. \u0141adowanie kablem USB:<\/strong><\/p>\n<p>Pod\u0142\u0105cz jeden koniec kabla do gniazda USB typu C w urz\u0105dzeniu, a drugi do \u0142adowarki lub portu USB. Pe\u0142ne \u0142adowanie trwa ok. 3\u20134 h. Na\u0142adowana bateria pozwala na s\u0142uchanie radia do 10 h, zale\u017cnie od g\u0142o\u015bno\u015bci.  <\/p>\n<p>&nbsp;<\/p>\n<p><strong>2. \u0141adowanie r\u0119czne (dynamo):<\/strong><\/p>\n<p>Podnie\u015b korbk\u0119 z ty\u0142u urz\u0105dzenia.<\/p>\n<p>Kr\u0119\u0107 korbk\u0105 zgodnie z ruchem wskaz\u00f3wek zegara lub przeciwnie przez 3\u20135 minut, aby aktywowa\u0107 bateri\u0119 przed pierwszym u\u017cyciem lub po ponad 60 dniach bezczynno\u015bci. Podczas \u0142adowania za\u015bwieci si\u0119 czerwona kontrolka. <\/p>\n<p>Aby na\u0142adowa\u0107 urz\u0105dzenie, kr\u0119\u0107 korbk\u0105 z pr\u0119dko\u015bci\u0105 130\u2013150 obr.\/min. Odpowiednia pr\u0119dko\u015b\u0107 jest osi\u0105gni\u0119ta, gdy \u015bwieci si\u0119 wska\u017anik baterii. Pe\u0142ne \u0142adowanie trwa 2\u20132,5 h. Trzy minuty kr\u0119cenia powinny wystarczy\u0107 na 10\u201315 minut s\u0142uchania radia.   <\/p>\n<p>&nbsp;<\/p>\n<p><strong>1. \u0141adowanie panelem s\u0142onecznym:<\/strong><\/p>\n<p>Umie\u015b\u0107 panel s\u0142oneczny w bezpo\u015brednim \u015bwietle s\u0142onecznym. Podczas \u0142adowania za\u015bwieci si\u0119 czerwona kontrolka. <\/p>\n<p>Wystaw radio na s\u0142o\u0144ce na ok. 10\u201312 h. Panel s\u0142oneczny s\u0142u\u017cy g\u0142\u00f3wnie do podtrzymywania baterii. Do pe\u0142nego na\u0142adowania panel potrzebuje bezpo\u015bredniego, intensywnego s\u0142o\u0144ca przez co najmniej ca\u0142y dzie\u0144.  <\/p>\n<p>UWAGA! Nie zostawiaj radia do \u0142adowania w miejscach o wysokiej temperaturze, np. w nagrzanym samochodzie.<\/p>\n<p>UWAGA! Przewidywana \u017cywotno\u015b\u0107 panelu s\u0142onecznego to 25 lat przy u\u017cywaniu go przez 6 h dziennie. <\/p>\n<p>UWAGA! To urz\u0105dzenie s\u0142u\u017cy do \u0142adowania w sytuacjach awaryjnych i nie jest przeznaczone do codziennego u\u017cytku jako powerbank. <\/p>\n<p><img loading=\"lazy\" decoding=\"async\" class=\"alignnone wp-image-2956 size-thumbnail\" src=\"https:\/\/toidupakk.ee\/wp-content\/uploads\/2022\/08\/Dunamo-ja-paikesepatareiga-raadio-akupank-5-500x500.png\" alt=\"radio na korbk\u0119\" width=\"500\" height=\"500\" srcset=\"https:\/\/toidupakk.ee\/wp-content\/uploads\/2022\/08\/Dunamo-ja-paikesepatareiga-raadio-akupank-5-500x500.png 500w, https:\/\/toidupakk.ee\/wp-content\/uploads\/2022\/08\/Dunamo-ja-paikesepatareiga-raadio-akupank-5-400x400.png 400w, https:\/\/toidupakk.ee\/wp-content\/uploads\/2022\/08\/Dunamo-ja-paikesepatareiga-raadio-akupank-5-100x100.png 100w, https:\/\/toidupakk.ee\/wp-content\/uploads\/2022\/08\/Dunamo-ja-paikesepatareiga-raadio-akupank-5-800x800.png 800w, https:\/\/toidupakk.ee\/wp-content\/uploads\/2022\/08\/Dunamo-ja-paikesepatareiga-raadio-akupank-5-300x300.png 300w, https:\/\/toidupakk.ee\/wp-content\/uploads\/2022\/08\/Dunamo-ja-paikesepatareiga-raadio-akupank-5-1024x1024.png 1024w, https:\/\/toidupakk.ee\/wp-content\/uploads\/2022\/08\/Dunamo-ja-paikesepatareiga-raadio-akupank-5-768x768.png 768w, https:\/\/toidupakk.ee\/wp-content\/uploads\/2022\/08\/Dunamo-ja-paikesepatareiga-raadio-akupank-5.png 1080w\" sizes=\"(max-width: 500px) 100vw, 500px\" \/><\/p>\n<p><strong>Konserwacja:<\/strong><\/p>\n<p>Przecieraj obudow\u0119 mi\u0119kk\u0105, wilgotn\u0105 szmatk\u0105.<\/p>\n<p>Do czyszczenia soczewki u\u017cywaj standardowych \u015brodk\u00f3w do optyki.<\/p>\n<p>Nie u\u017cywaj szorstkich \u015brodk\u00f3w \u015bciernych ani rozpuszczalnik\u00f3w.<\/p>\n<p>Produkt nie jest w pe\u0142ni wodoodporny! Unikaj kontaktu z wod\u0105. <\/p>\n<p><img loading=\"lazy\" decoding=\"async\" class=\"alignnone wp-image-2954 size-thumbnail\" src=\"https:\/\/toidupakk.ee\/wp-content\/uploads\/2022\/08\/Dunamo-ja-paikesepatareiga-raadio-akupank-3-500x500.png\" alt=\"radio na korbk\u0119\" width=\"500\" height=\"500\" srcset=\"https:\/\/toidupakk.ee\/wp-content\/uploads\/2022\/08\/Dunamo-ja-paikesepatareiga-raadio-akupank-3-500x500.png 500w, https:\/\/toidupakk.ee\/wp-content\/uploads\/2022\/08\/Dunamo-ja-paikesepatareiga-raadio-akupank-3-400x400.png 400w, https:\/\/toidupakk.ee\/wp-content\/uploads\/2022\/08\/Dunamo-ja-paikesepatareiga-raadio-akupank-3-100x100.png 100w, https:\/\/toidupakk.ee\/wp-content\/uploads\/2022\/08\/Dunamo-ja-paikesepatareiga-raadio-akupank-3-800x800.png 800w, https:\/\/toidupakk.ee\/wp-content\/uploads\/2022\/08\/Dunamo-ja-paikesepatareiga-raadio-akupank-3-300x300.png 300w, https:\/\/toidupakk.ee\/wp-content\/uploads\/2022\/08\/Dunamo-ja-paikesepatareiga-raadio-akupank-3-1024x1024.png 1024w, https:\/\/toidupakk.ee\/wp-content\/uploads\/2022\/08\/Dunamo-ja-paikesepatareiga-raadio-akupank-3-768x768.png 768w, https:\/\/toidupakk.ee\/wp-content\/uploads\/2022\/08\/Dunamo-ja-paikesepatareiga-raadio-akupank-3.png 1080w\" sizes=\"(max-width: 500px) 100vw, 500px\" \/><\/p>\n<p><strong>Czy wiesz, \u017ce w sytuacjach kryzysowych niezb\u0119dne oficjalne informacje przekazuje kana\u0142 radiowy publicznego nadawcy Vikerraadio?<\/strong><\/p>\n<p>Cz\u0119stotliwo\u015bci Vikerraadio:<\/p>\n<p>Tallinn 104,1 MHz<br \/>\nKoeru 105,1 MHz<br \/>\nValgj\u00e4rve 106,1 MHz<br \/>\nTartu 106,7 MHz<br \/>\nP\u00e4rnu 104,8 MHz<br \/>\nKohtla-N\u00f5mme 105,4 MHz<br \/>\nSauvere 105,6 MHz<br \/>\nNarva 104,7<br \/>\nViiratsi 107,0 MHz<br \/>\nHaapsalu 105,3 MHz<br \/>\nK\u00f5rgessaare 91,2 MHz<br \/>\nOrissaare 105,9 MHz<br \/>\nM\u00e4rjamaa 95,7 MHz<br \/>\nPehka 106,0 MHz<br \/>\nS\u00f5rve 92,1 MHz<\/p>\n<p>&nbsp;<\/p>\n<p>Zobacz sprz\u0119t turystyczny <a href=\"https:\/\/toidupakk.ee\/pl\/tootekategooria\/sprzet-turystyczny\/#section-3-79\">TUTAJ<\/a><\/p>\n<p>Zobacz \u017cywno\u015b\u0107 turystyczn\u0105 <a href=\"https:\/\/toidupakk.ee\/pl\/sklep-internetowy\/\">TUTAJ<\/a><\/p>\n<p>Znajd\u017a inspiracj\u0119 na kolejne przygody na <a href=\"https:\/\/www.instagram.com\/toidupakk\/\">Instagramie<\/a> i <a href=\"https:\/\/www.facebook.com\/Toidupakk\/\">Facebooku<\/a> Toidupakk.<\/p>\n","protected":false},"excerpt":{"rendered":"<p><strong>Zastanawiasz si\u0119, co zrobisz, gdy zabraknie pr\u0105du na kilka dni? Albo gdy zniknie \u0142\u0105czno\u015b\u0107 \u2013 sygna\u0142 TV i internet? <\/strong><\/p>\n<p><strong>Czy wiesz, \u017ce w sytuacjach kryzysowych niezb\u0119dne oficjalne informacje przekazuje kana\u0142 radiowy publicznego nadawcy Vikerraadio?<\/strong><\/p>\n<p><strong>B\u0105d\u017a na bie\u017c\u0105co z wydarzeniami w sytuacji, gdy inne kana\u0142y \u0142\u0105czno\u015bci mog\u0105 by\u0107 zak\u0142\u00f3cone.<\/strong><\/p>\n<p><strong>Przeno\u015bne radio\/powerbank \u0142adowane na trzy sposoby: korbk\u0105, przez USB lub panelem s\u0142onecznym. Obs\u0142uguje pasma AM\/FM\/NOAA i posiada latark\u0119 LED. Niezast\u0105pione w ka\u017cdej sytuacji.  <\/strong><\/p>\n<ul>\n<li>Powerbank do telefon\u00f3w i innych urz\u0105dze\u0144 (pojemno\u015b\u0107 2000 mAh)<\/li>\n<li>Wewn\u0105trz akumulator Li-ION \u2013 nie wymaga osobnych baterii<\/li>\n<li>Przeno\u015bne radio (pasma FM i AM)<\/li>\n<li>Latarka LED<\/li>\n<li>Dynamo umo\u017cliwiaj\u0105ce \u0142adowanie korbk\u0105<\/li>\n<li>1 min \u0142adowania = ok. 15 min s\u0142uchania radia<\/li>\n<li>Panel s\u0142oneczny do \u0142adowania w pe\u0142nym s\u0142o\u0144cu<\/li>\n<li>Kabel USB<\/li>\n<li>Wymiary: 130 x 60 x 40 mm<\/li>\n<li>Waga: ok. 226 g<\/li>\n<\/ul>\n<p>\u2705 Dost\u0119pne w magazynie, szybka dostawa w 1-3 dni robocze<br \/>\n\u2705 Kup teraz, zap\u0142a\u0107 p\u00f3\u017aniej (RRSO 0%)<\/p>\n","protected":false},"featured_media":51544,"comment_status":"open","ping_status":"closed","template":"","meta":{"_acf_changed":false},"product_brand":[],"product_cat":[303,315,341,360,311,359,301,316],"product_tag":[],"class_list":{"0":"post-51537","1":"product","2":"type-product","3":"status-publish","4":"has-post-thumbnail","6":"product_cat-akcesoria-turystyczne","7":"product_cat-elektronika","8":"product_cat-latarki","9":"product_cat-powerbanki","10":"product_cat-praktyczne-pomysly-na-prezent","11":"product_cat-radia","12":"product_cat-sprzet-turystyczny","13":"product_cat-urzadzenia-z-panelem-slonecznym","15":"first","16":"onbackorder","17":"sale","18":"taxable","19":"shipping-taxable","20":"purchasable","21":"product-type-variable","22":"has-default-attributes"},"bundled_by":[],"bundle_stock_status":"onbackorder","bundle_stock_quantity":null,"bundle_virtual":false,"bundle_layout":"","bundle_add_to_cart_form_location":"","bundle_editable_in_cart":false,"bundle_sold_individually_context":"","bundle_item_grouping":"","bundle_min_size":"","bundle_max_size":"","bundle_price":[],"bundled_items":[],"bundle_sell_ids":[],"acf":[],"yoast_head":"<!-- This site is optimized with the Yoast SEO plugin v27.3 - https:\/\/yoast.com\/product\/yoast-seo-wordpress\/ -->\n<title>Radio i powerbank z dynamem i panelem s\u0142onecznym - Toidupakk.ee - Tactical Foodpack toidupakid<\/title>\n<meta name=\"description\" content=\"Radio\/powerbank z dynamem i panelem s\u0142onecznym, \u0142adowane korbk\u0105, s\u0142o\u0144cem lub przez USB. Wyposa\u017cone w latark\u0119 LED.\" \/>\n<meta name=\"robots\" content=\"index, follow, max-snippet:-1, max-image-preview:large, max-video-preview:-1\" \/>\n<link rel=\"canonical\" href=\"https:\/\/toidupakk.ee\/pl\/toode\/radio-i-powerbank-z-dynamem-i-panelem-slonecznym\/\" \/>\n<meta property=\"og:locale\" content=\"pl_PL\" \/>\n<meta property=\"og:type\" content=\"article\" \/>\n<meta property=\"og:title\" content=\"Radio i powerbank z dynamem i panelem s\u0142onecznym - Toidupakk.ee - Tactical Foodpack toidupakid\" \/>\n<meta property=\"og:description\" content=\"Radio\/powerbank z dynamem i panelem s\u0142onecznym, \u0142adowane korbk\u0105, s\u0142o\u0144cem lub przez USB. Wyposa\u017cone w latark\u0119 LED.\" \/>\n<meta property=\"og:url\" content=\"https:\/\/toidupakk.ee\/pl\/toode\/radio-i-powerbank-z-dynamem-i-panelem-slonecznym\/\" \/>\n<meta property=\"og:site_name\" content=\"Toidupakk.ee - Tactical Foodpack toidupakid\" \/>\n<meta property=\"article:publisher\" content=\"https:\/\/www.facebook.com\/Toidupakk\" \/>\n<meta property=\"article:modified_time\" content=\"2026-04-29T12:31:58+00:00\" \/>\n<meta property=\"og:image\" content=\"https:\/\/toidupakk.ee\/wp-content\/uploads\/2022\/08\/Dunamo-ja-paikesepatareiga-raadio-akupank-7.png\" \/>\n\t<meta property=\"og:image:width\" content=\"1080\" \/>\n\t<meta property=\"og:image:height\" content=\"1080\" \/>\n\t<meta property=\"og:image:type\" content=\"image\/png\" \/>\n<meta name=\"twitter:card\" content=\"summary_large_image\" \/>\n<meta name=\"twitter:label1\" content=\"Szacowany czas czytania\" \/>\n\t<meta name=\"twitter:data1\" content=\"3 minuty\" \/>\n<script type=\"application\/ld+json\" class=\"yoast-schema-graph\">{\"@context\":\"https:\\\/\\\/schema.org\",\"@graph\":[{\"@type\":\"WebPage\",\"@id\":\"https:\\\/\\\/toidupakk.ee\\\/pl\\\/toode\\\/radio-i-powerbank-z-dynamem-i-panelem-slonecznym\\\/\",\"url\":\"https:\\\/\\\/toidupakk.ee\\\/pl\\\/toode\\\/radio-i-powerbank-z-dynamem-i-panelem-slonecznym\\\/\",\"name\":\"Radio i powerbank z dynamem i panelem s\u0142onecznym - Toidupakk.ee - Tactical Foodpack toidupakid\",\"isPartOf\":{\"@id\":\"https:\\\/\\\/toidupakk.ee\\\/pl\\\/#website\"},\"primaryImageOfPage\":{\"@id\":\"https:\\\/\\\/toidupakk.ee\\\/pl\\\/toode\\\/radio-i-powerbank-z-dynamem-i-panelem-slonecznym\\\/#primaryimage\"},\"image\":{\"@id\":\"https:\\\/\\\/toidupakk.ee\\\/pl\\\/toode\\\/radio-i-powerbank-z-dynamem-i-panelem-slonecznym\\\/#primaryimage\"},\"thumbnailUrl\":\"https:\\\/\\\/toidupakk.ee\\\/wp-content\\\/uploads\\\/2022\\\/08\\\/Dunamo-ja-paikesepatareiga-raadio-akupank-7.png\",\"datePublished\":\"2022-08-11T10:15:12+00:00\",\"dateModified\":\"2026-04-29T12:31:58+00:00\",\"description\":\"Radio\\\/powerbank z dynamem i panelem s\u0142onecznym, \u0142adowane korbk\u0105, s\u0142o\u0144cem lub przez USB. Wyposa\u017cone w latark\u0119 LED.\",\"breadcrumb\":{\"@id\":\"https:\\\/\\\/toidupakk.ee\\\/pl\\\/toode\\\/radio-i-powerbank-z-dynamem-i-panelem-slonecznym\\\/#breadcrumb\"},\"inLanguage\":\"pl-PL\",\"potentialAction\":[{\"@type\":\"ReadAction\",\"target\":[\"https:\\\/\\\/toidupakk.ee\\\/pl\\\/toode\\\/radio-i-powerbank-z-dynamem-i-panelem-slonecznym\\\/\"]}]},{\"@type\":\"ImageObject\",\"inLanguage\":\"pl-PL\",\"@id\":\"https:\\\/\\\/toidupakk.ee\\\/pl\\\/toode\\\/radio-i-powerbank-z-dynamem-i-panelem-slonecznym\\\/#primaryimage\",\"url\":\"https:\\\/\\\/toidupakk.ee\\\/wp-content\\\/uploads\\\/2022\\\/08\\\/Dunamo-ja-paikesepatareiga-raadio-akupank-7.png\",\"contentUrl\":\"https:\\\/\\\/toidupakk.ee\\\/wp-content\\\/uploads\\\/2022\\\/08\\\/Dunamo-ja-paikesepatareiga-raadio-akupank-7.png\",\"width\":1080,\"height\":1080,\"caption\":\"radio na korbk\u0119\"},{\"@type\":\"BreadcrumbList\",\"@id\":\"https:\\\/\\\/toidupakk.ee\\\/pl\\\/toode\\\/radio-i-powerbank-z-dynamem-i-panelem-slonecznym\\\/#breadcrumb\",\"itemListElement\":[{\"@type\":\"ListItem\",\"position\":1,\"name\":\"Avaleht\",\"item\":\"https:\\\/\\\/toidupakk.ee\\\/pl\\\/\"},{\"@type\":\"ListItem\",\"position\":2,\"name\":\"Sklep internetowy\",\"item\":\"https:\\\/\\\/toidupakk.ee\\\/pl\\\/sklep-internetowy\\\/\"},{\"@type\":\"ListItem\",\"position\":3,\"name\":\"Radio i powerbank z dynamem i panelem s\u0142onecznym\"}]},{\"@type\":\"WebSite\",\"@id\":\"https:\\\/\\\/toidupakk.ee\\\/pl\\\/#website\",\"url\":\"https:\\\/\\\/toidupakk.ee\\\/pl\\\/\",\"name\":\"Toidupakk.ee - Tactical Foodpack toidupakid\",\"description\":\"Tactical Foodpack k\u00fclmkuivatatud toidupakid ja matkaeined\",\"publisher\":{\"@id\":\"https:\\\/\\\/toidupakk.ee\\\/pl\\\/#organization\"},\"potentialAction\":[{\"@type\":\"SearchAction\",\"target\":{\"@type\":\"EntryPoint\",\"urlTemplate\":\"https:\\\/\\\/toidupakk.ee\\\/pl\\\/?s={search_term_string}\"},\"query-input\":{\"@type\":\"PropertyValueSpecification\",\"valueRequired\":true,\"valueName\":\"search_term_string\"}}],\"inLanguage\":\"pl-PL\"},{\"@type\":\"Organization\",\"@id\":\"https:\\\/\\\/toidupakk.ee\\\/pl\\\/#organization\",\"name\":\"Tactical Foodpack matkaeined\",\"url\":\"https:\\\/\\\/toidupakk.ee\\\/pl\\\/\",\"logo\":{\"@type\":\"ImageObject\",\"inLanguage\":\"pl-PL\",\"@id\":\"https:\\\/\\\/toidupakk.ee\\\/pl\\\/#\\\/schema\\\/logo\\\/image\\\/\",\"url\":\"https:\\\/\\\/toidupakk.ee\\\/wp-content\\\/uploads\\\/2022\\\/01\\\/Toidupakk-matkapood-logo-transparent.png\",\"contentUrl\":\"https:\\\/\\\/toidupakk.ee\\\/wp-content\\\/uploads\\\/2022\\\/01\\\/Toidupakk-matkapood-logo-transparent.png\",\"width\":500,\"height\":500,\"caption\":\"Tactical Foodpack matkaeined\"},\"image\":{\"@id\":\"https:\\\/\\\/toidupakk.ee\\\/pl\\\/#\\\/schema\\\/logo\\\/image\\\/\"},\"sameAs\":[\"https:\\\/\\\/www.facebook.com\\\/Toidupakk\",\"https:\\\/\\\/www.instagram.com\\\/toidupakk\\\/\"]}]}<\/script>\n<!-- \/ Yoast SEO plugin. -->","yoast_head_json":{"title":"Radio i powerbank z dynamem i panelem s\u0142onecznym - Toidupakk.ee - Tactical Foodpack toidupakid","description":"Radio\/powerbank z dynamem i panelem s\u0142onecznym, \u0142adowane korbk\u0105, s\u0142o\u0144cem lub przez USB. Wyposa\u017cone w latark\u0119 LED.","robots":{"index":"index","follow":"follow","max-snippet":"max-snippet:-1","max-image-preview":"max-image-preview:large","max-video-preview":"max-video-preview:-1"},"canonical":"https:\/\/toidupakk.ee\/pl\/toode\/radio-i-powerbank-z-dynamem-i-panelem-slonecznym\/","og_locale":"pl_PL","og_type":"article","og_title":"Radio i powerbank z dynamem i panelem s\u0142onecznym - Toidupakk.ee - Tactical Foodpack toidupakid","og_description":"Radio\/powerbank z dynamem i panelem s\u0142onecznym, \u0142adowane korbk\u0105, s\u0142o\u0144cem lub przez USB. Wyposa\u017cone w latark\u0119 LED.","og_url":"https:\/\/toidupakk.ee\/pl\/toode\/radio-i-powerbank-z-dynamem-i-panelem-slonecznym\/","og_site_name":"Toidupakk.ee - Tactical Foodpack toidupakid","article_publisher":"https:\/\/www.facebook.com\/Toidupakk","article_modified_time":"2026-04-29T12:31:58+00:00","og_image":[{"width":1080,"height":1080,"url":"https:\/\/toidupakk.ee\/wp-content\/uploads\/2022\/08\/Dunamo-ja-paikesepatareiga-raadio-akupank-7.png","type":"image\/png"}],"twitter_card":"summary_large_image","twitter_misc":{"Szacowany czas czytania":"3 minuty"},"schema":{"@context":"https:\/\/schema.org","@graph":[{"@type":"WebPage","@id":"https:\/\/toidupakk.ee\/pl\/toode\/radio-i-powerbank-z-dynamem-i-panelem-slonecznym\/","url":"https:\/\/toidupakk.ee\/pl\/toode\/radio-i-powerbank-z-dynamem-i-panelem-slonecznym\/","name":"Radio i powerbank z dynamem i panelem s\u0142onecznym - Toidupakk.ee - Tactical Foodpack toidupakid","isPartOf":{"@id":"https:\/\/toidupakk.ee\/pl\/#website"},"primaryImageOfPage":{"@id":"https:\/\/toidupakk.ee\/pl\/toode\/radio-i-powerbank-z-dynamem-i-panelem-slonecznym\/#primaryimage"},"image":{"@id":"https:\/\/toidupakk.ee\/pl\/toode\/radio-i-powerbank-z-dynamem-i-panelem-slonecznym\/#primaryimage"},"thumbnailUrl":"https:\/\/toidupakk.ee\/wp-content\/uploads\/2022\/08\/Dunamo-ja-paikesepatareiga-raadio-akupank-7.png","datePublished":"2022-08-11T10:15:12+00:00","dateModified":"2026-04-29T12:31:58+00:00","description":"Radio\/powerbank z dynamem i panelem s\u0142onecznym, \u0142adowane korbk\u0105, s\u0142o\u0144cem lub przez USB. Wyposa\u017cone w latark\u0119 LED.","breadcrumb":{"@id":"https:\/\/toidupakk.ee\/pl\/toode\/radio-i-powerbank-z-dynamem-i-panelem-slonecznym\/#breadcrumb"},"inLanguage":"pl-PL","potentialAction":[{"@type":"ReadAction","target":["https:\/\/toidupakk.ee\/pl\/toode\/radio-i-powerbank-z-dynamem-i-panelem-slonecznym\/"]}]},{"@type":"ImageObject","inLanguage":"pl-PL","@id":"https:\/\/toidupakk.ee\/pl\/toode\/radio-i-powerbank-z-dynamem-i-panelem-slonecznym\/#primaryimage","url":"https:\/\/toidupakk.ee\/wp-content\/uploads\/2022\/08\/Dunamo-ja-paikesepatareiga-raadio-akupank-7.png","contentUrl":"https:\/\/toidupakk.ee\/wp-content\/uploads\/2022\/08\/Dunamo-ja-paikesepatareiga-raadio-akupank-7.png","width":1080,"height":1080,"caption":"radio na korbk\u0119"},{"@type":"BreadcrumbList","@id":"https:\/\/toidupakk.ee\/pl\/toode\/radio-i-powerbank-z-dynamem-i-panelem-slonecznym\/#breadcrumb","itemListElement":[{"@type":"ListItem","position":1,"name":"Avaleht","item":"https:\/\/toidupakk.ee\/pl\/"},{"@type":"ListItem","position":2,"name":"Sklep internetowy","item":"https:\/\/toidupakk.ee\/pl\/sklep-internetowy\/"},{"@type":"ListItem","position":3,"name":"Radio i powerbank z dynamem i panelem s\u0142onecznym"}]},{"@type":"WebSite","@id":"https:\/\/toidupakk.ee\/pl\/#website","url":"https:\/\/toidupakk.ee\/pl\/","name":"Toidupakk.ee - Tactical Foodpack toidupakid","description":"Tactical Foodpack k\u00fclmkuivatatud toidupakid ja matkaeined","publisher":{"@id":"https:\/\/toidupakk.ee\/pl\/#organization"},"potentialAction":[{"@type":"SearchAction","target":{"@type":"EntryPoint","urlTemplate":"https:\/\/toidupakk.ee\/pl\/?s={search_term_string}"},"query-input":{"@type":"PropertyValueSpecification","valueRequired":true,"valueName":"search_term_string"}}],"inLanguage":"pl-PL"},{"@type":"Organization","@id":"https:\/\/toidupakk.ee\/pl\/#organization","name":"Tactical Foodpack matkaeined","url":"https:\/\/toidupakk.ee\/pl\/","logo":{"@type":"ImageObject","inLanguage":"pl-PL","@id":"https:\/\/toidupakk.ee\/pl\/#\/schema\/logo\/image\/","url":"https:\/\/toidupakk.ee\/wp-content\/uploads\/2022\/01\/Toidupakk-matkapood-logo-transparent.png","contentUrl":"https:\/\/toidupakk.ee\/wp-content\/uploads\/2022\/01\/Toidupakk-matkapood-logo-transparent.png","width":500,"height":500,"caption":"Tactical Foodpack matkaeined"},"image":{"@id":"https:\/\/toidupakk.ee\/pl\/#\/schema\/logo\/image\/"},"sameAs":["https:\/\/www.facebook.com\/Toidupakk","https:\/\/www.instagram.com\/toidupakk\/"]}]}},"jetpack_sharing_enabled":true,"_links":{"self":[{"href":"https:\/\/toidupakk.ee\/pl\/wp-json\/wp\/v2\/product\/51537","targetHints":{"allow":["GET"]}}],"collection":[{"href":"https:\/\/toidupakk.ee\/pl\/wp-json\/wp\/v2\/product"}],"about":[{"href":"https:\/\/toidupakk.ee\/pl\/wp-json\/wp\/v2\/types\/product"}],"replies":[{"embeddable":true,"href":"https:\/\/toidupakk.ee\/pl\/wp-json\/wp\/v2\/comments?post=51537"}],"wp:featuredmedia":[{"embeddable":true,"href":"https:\/\/toidupakk.ee\/pl\/wp-json\/wp\/v2\/media\/51544"}],"wp:attachment":[{"href":"https:\/\/toidupakk.ee\/pl\/wp-json\/wp\/v2\/media?parent=51537"}],"wp:term":[{"taxonomy":"product_brand","embeddable":true,"href":"https:\/\/toidupakk.ee\/pl\/wp-json\/wp\/v2\/product_brand?post=51537"},{"taxonomy":"product_cat","embeddable":true,"href":"https:\/\/toidupakk.ee\/pl\/wp-json\/wp\/v2\/product_cat?post=51537"},{"taxonomy":"product_tag","embeddable":true,"href":"https:\/\/toidupakk.ee\/pl\/wp-json\/wp\/v2\/product_tag?post=51537"}],"curies":[{"name":"wp","href":"https:\/\/api.w.org\/{rel}","templated":true}]}}