{"id":51028,"date":"2024-05-03T17:06:02","date_gmt":"2024-05-03T14:06:02","guid":{"rendered":"https:\/\/toidupakk.ee\/toode\/taktyczny-plecak-wodoszczelny-dry-bag-mil-tec\/"},"modified":"2026-04-29T15:30:37","modified_gmt":"2026-04-29T12:30:37","slug":"taktyczny-plecak-wodoszczelny-dry-bag-mil-tec","status":"publish","type":"product","link":"https:\/\/toidupakk.ee\/pl\/toode\/taktyczny-plecak-wodoszczelny-dry-bag-mil-tec\/","title":{"rendered":"Taktyczny plecak wodoszczelny \/ Dry Bag MIL-TEC\u00ae"},"content":{"rendered":"<h1>Taktyczny plecak Dry Bag \u2013 zapewni Ci suche ubrania i sprz\u0119t<\/h1>\n<p><img fetchpriority=\"high\" decoding=\"async\" class=\"wp-image-22536 size-thumbnail alignright\" src=\"https:\/\/toidupakk.ee\/wp-content\/uploads\/2024\/05\/Taktikaline-Dry-Bag-Seljakott-MIL-TEC-2-500x500.png\" alt=\"wodoszczelny plecak drybag\" width=\"500\" height=\"500\" srcset=\"https:\/\/toidupakk.ee\/wp-content\/uploads\/2024\/05\/Taktikaline-Dry-Bag-Seljakott-MIL-TEC-2-500x500.png 500w, https:\/\/toidupakk.ee\/wp-content\/uploads\/2024\/05\/Taktikaline-Dry-Bag-Seljakott-MIL-TEC-2-400x400.png 400w, https:\/\/toidupakk.ee\/wp-content\/uploads\/2024\/05\/Taktikaline-Dry-Bag-Seljakott-MIL-TEC-2-100x100.png 100w, https:\/\/toidupakk.ee\/wp-content\/uploads\/2024\/05\/Taktikaline-Dry-Bag-Seljakott-MIL-TEC-2-600x600.png 600w, https:\/\/toidupakk.ee\/wp-content\/uploads\/2024\/05\/Taktikaline-Dry-Bag-Seljakott-MIL-TEC-2-300x300.png 300w, https:\/\/toidupakk.ee\/wp-content\/uploads\/2024\/05\/Taktikaline-Dry-Bag-Seljakott-MIL-TEC-2-768x768.png 768w, https:\/\/toidupakk.ee\/wp-content\/uploads\/2024\/05\/Taktikaline-Dry-Bag-Seljakott-MIL-TEC-2.png 800w\" sizes=\"(max-width: 500px) 100vw, 500px\" \/><\/p>\n<h2>Hybryda plecaka i dry-baga \u2013 wodoszczelny plecak<\/h2>\n<p>Taktyczny plecak Dry Bag to idealne po\u0142\u0105czenie plecaka i worka wodoszczelnego, stworzone do bezpiecznego transportu sprz\u0119tu w wilgotnych warunkach. Wytrzyma\u0142a konstrukcja zniesie kr\u00f3tkotrwa\u0142e zanurzenie i zapewni niezawodn\u0105 ochron\u0119 Twojego ekwipunku podczas wypraw, dzia\u0142a\u0144 terenowych czy sport\u00f3w wodnych. <\/p>\n<h4>Wytrzyma\u0142o\u015b\u0107 i pojemno\u015b\u0107<\/h4>\n<p>Plecak wykonano z bardzo mocnego i trwa\u0142ego materia\u0142u PVC, co gwarantuje wytrzyma\u0142o\u015b\u0107 w ekstremalnych warunkach. Pojemno\u015b\u0107 ok. 35 litr\u00f3w pozwoli Ci zabra\u0107 ca\u0142y niezb\u0119dny sprz\u0119t, maj\u0105c pewno\u015b\u0107, \u017ce chroni go wodoszczelna konstrukcja. <\/p>\n<h4>Komfort i funkcjonalno\u015b\u0107<\/h4>\n<p>Taktyczny plecak Dry Bag wyposa\u017cono w system MOLLE na froncie i bokach, co pozwala na wygodne troczenie oporz\u0105dzenia. Ergonomiczne szelki i regulowany pas biodrowy zapewniaj\u0105 komfort i wsparcie przy du\u017cym obci\u0105\u017ceniu. Boczne pasy kompresyjne stabilizuj\u0105 zawarto\u015b\u0107 i pozwalaj\u0105 zachowa\u0107 kompaktowy kszta\u0142t.  <\/p>\n<p><iframe style=\"width: 455px; height: 809px;\" title=\"Odtwarzacz wideo YouTube\" src=\"https:\/\/www.youtube.com\/embed\/k_aSGi697NQ\" frameborder=\"0\" allowfullscreen=\"allowfullscreen\"><span data-mce-type=\"bookmark\" style=\"display: inline-block; width: 0px; overflow: hidden; line-height: 0;\" class=\"mce_SELRES_start\"><\/span><\/iframe><\/p>\n<p>Zobacz wi\u0119cej akcesori\u00f3w turystycznych <a href=\"https:\/\/toidupakk.ee\/pl\/tootekategooria\/sprzet-turystyczny\/#section-3-79\">TUTAJ<\/a><\/p>\n<p>Znajd\u017a inspiracj\u0119 na kolejne przygody na <a href=\"https:\/\/www.instagram.com\/toidupakk\/\">Instagramie<\/a> i <a href=\"https:\/\/www.facebook.com\/Toidupakk\/\">Facebooku<\/a> Toidupakk.<\/p>\n","protected":false},"excerpt":{"rendered":"<p><strong>Hybryda plecaka i worka wodoszczelnego, przeznaczona do noszenia sprz\u0119tu w bardzo wilgotnych warunkach. Plecak wytrzyma kr\u00f3tkotrwa\u0142e zanurzenie w wodzie. <\/strong><\/p>\n<ul>\n<li>Plecak z bardzo <strong>mocnego i trwa\u0142ego materia\u0142u<\/strong><\/li>\n<li>Pojemno\u015b\u0107 ok. <strong>35 litr\u00f3w<\/strong><\/li>\n<li>Wykonany z solidnego i mocnego materia\u0142u PVC<\/li>\n<li>Chroni zawarto\u015b\u0107 przed <strong>zachlapaniem<\/strong> oraz kr\u00f3tkotrwa\u0142ym <strong>wpadni\u0119ciem do wody<\/strong><\/li>\n<li>Szwy wewn\u0105trz <strong>zabezpieczone wodoodporn\u0105 ta\u015bm\u0105<\/strong><\/li>\n<li><strong>System MOLLE<\/strong> na froncie i bokach plecaka<\/li>\n<li>Boczne <strong>pasy kompresyjne<\/strong> do stabilizacji zawarto\u015bci<\/li>\n<li><strong>Ergonomiczne szelki<\/strong> z regulacj\u0105<\/li>\n<li>Regulowany <strong>pas biodrowy<\/strong> dla lepszego wsparcia<\/li>\n<li><strong>Pas piersiowy<\/strong> dla lepszej stabilizacji<\/li>\n<li><strong>Dodatkowo wy\u015bcie\u0142ane plecy<\/strong> (pianka polietylenowa 270 g\/m\u00b2)<\/li>\n<li>Materia\u0142: 70% polichlorek winylu, 30% poliester (250D)<\/li>\n<li>Wymiary: 57 x 29 x 20 cm (pojemno\u015b\u0107 ok. 35 l)<\/li>\n<li>Waga: 1180 g<\/li>\n<li>W zestawie emblemat MIL-TEC\u00ae<\/li>\n<li>Aby szczelnie zamkn\u0105\u0107 worek, wywi\u0144 g\u00f3r\u0119 co najmniej 3 razy do ty\u0142u i zapnij \u015brodkow\u0105 klamr\u0119<\/li>\n<\/ul>\n<p><img decoding=\"async\" class=\"alignnone size-full wp-image-22120\" src=\"https:\/\/toidupakk.ee\/wp-content\/uploads\/2024\/04\/MIL-TEC-logo-1200x628-240-x-40-px.png\" alt=\"miltec logo transparent\" width=\"240\" height=\"40\"><\/p>\n<p>\u2705 Dost\u0119pne w magazynie, szybka dostawa w 1\u20133 dni robocze<\/p>\n","protected":false},"featured_media":22535,"comment_status":"open","ping_status":"closed","template":"","meta":{"_acf_changed":false},"product_brand":[],"product_cat":[303,317,309,301,369,304],"product_tag":[],"class_list":{"0":"post-51028","1":"product","2":"type-product","3":"status-publish","4":"has-post-thumbnail","6":"product_cat-akcesoria-turystyczne","7":"product_cat-mil-tec","8":"product_cat-plecaki","9":"product_cat-sprzet-turystyczny","10":"product_cat-torby-wodoszczelne-drybag","11":"product_cat-wyposazenie-militarne","13":"first","14":"instock","15":"taxable","16":"shipping-taxable","17":"purchasable","18":"product-type-simple"},"bundled_by":[],"bundle_stock_status":"instock","bundle_stock_quantity":1,"bundle_virtual":false,"bundle_layout":"","bundle_add_to_cart_form_location":"","bundle_editable_in_cart":false,"bundle_sold_individually_context":"","bundle_item_grouping":"","bundle_min_size":"","bundle_max_size":"","bundle_price":[],"bundled_items":[],"bundle_sell_ids":[],"acf":[],"yoast_head":"<!-- This site is optimized with the Yoast SEO plugin v27.3 - https:\/\/yoast.com\/product\/yoast-seo-wordpress\/ -->\n<title>Taktyczny plecak wodoszczelny \/ Dry Bag MIL-TEC\u00ae<\/title>\n<meta name=\"description\" content=\"Hybryda plecaka i worka wodoszczelnego, stworzona do transportu sprz\u0119tu w warunkach du\u017cej wilgotno\u015bci. Plecak wytrzyma kr\u00f3tkotrwa\u0142e zanurzenie w wodzie.\" \/>\n<meta name=\"robots\" content=\"index, follow, max-snippet:-1, max-image-preview:large, max-video-preview:-1\" \/>\n<link rel=\"canonical\" href=\"https:\/\/toidupakk.ee\/pl\/toode\/taktyczny-plecak-wodoszczelny-dry-bag-mil-tec\/\" \/>\n<meta property=\"og:locale\" content=\"pl_PL\" \/>\n<meta property=\"og:type\" content=\"article\" \/>\n<meta property=\"og:title\" content=\"Taktyczny plecak wodoszczelny \/ Dry Bag MIL-TEC\u00ae\" \/>\n<meta property=\"og:description\" content=\"Hybryda plecaka i worka wodoszczelnego, stworzona do transportu sprz\u0119tu w warunkach du\u017cej wilgotno\u015bci. Plecak wytrzyma kr\u00f3tkotrwa\u0142e zanurzenie w wodzie.\" \/>\n<meta property=\"og:url\" content=\"https:\/\/toidupakk.ee\/pl\/toode\/taktyczny-plecak-wodoszczelny-dry-bag-mil-tec\/\" \/>\n<meta property=\"og:site_name\" content=\"Toidupakk.ee - Tactical Foodpack toidupakid\" \/>\n<meta property=\"article:publisher\" content=\"https:\/\/www.facebook.com\/Toidupakk\" \/>\n<meta property=\"article:modified_time\" content=\"2026-04-29T12:30:37+00:00\" \/>\n<meta property=\"og:image\" content=\"https:\/\/toidupakk.ee\/wp-content\/uploads\/2024\/05\/Taktikaline-Dry-Bag-Seljakott-MIL-TEC-1.png\" \/>\n\t<meta property=\"og:image:width\" content=\"800\" \/>\n\t<meta property=\"og:image:height\" content=\"800\" \/>\n\t<meta property=\"og:image:type\" content=\"image\/png\" \/>\n<meta name=\"twitter:card\" content=\"summary_large_image\" \/>\n<meta name=\"twitter:label1\" content=\"Szacowany czas czytania\" \/>\n\t<meta name=\"twitter:data1\" content=\"1 minuta\" \/>\n<script type=\"application\/ld+json\" class=\"yoast-schema-graph\">{\"@context\":\"https:\\\/\\\/schema.org\",\"@graph\":[{\"@type\":\"WebPage\",\"@id\":\"https:\\\/\\\/toidupakk.ee\\\/pl\\\/toode\\\/taktyczny-plecak-wodoszczelny-dry-bag-mil-tec\\\/\",\"url\":\"https:\\\/\\\/toidupakk.ee\\\/pl\\\/toode\\\/taktyczny-plecak-wodoszczelny-dry-bag-mil-tec\\\/\",\"name\":\"Taktyczny plecak wodoszczelny \\\/ Dry Bag MIL-TEC\u00ae\",\"isPartOf\":{\"@id\":\"https:\\\/\\\/toidupakk.ee\\\/pl\\\/#website\"},\"primaryImageOfPage\":{\"@id\":\"https:\\\/\\\/toidupakk.ee\\\/pl\\\/toode\\\/taktyczny-plecak-wodoszczelny-dry-bag-mil-tec\\\/#primaryimage\"},\"image\":{\"@id\":\"https:\\\/\\\/toidupakk.ee\\\/pl\\\/toode\\\/taktyczny-plecak-wodoszczelny-dry-bag-mil-tec\\\/#primaryimage\"},\"thumbnailUrl\":\"https:\\\/\\\/toidupakk.ee\\\/wp-content\\\/uploads\\\/2024\\\/05\\\/Taktikaline-Dry-Bag-Seljakott-MIL-TEC-1.png\",\"datePublished\":\"2024-05-03T14:06:02+00:00\",\"dateModified\":\"2026-04-29T12:30:37+00:00\",\"description\":\"Hybryda plecaka i worka wodoszczelnego, stworzona do transportu sprz\u0119tu w warunkach du\u017cej wilgotno\u015bci. Plecak wytrzyma kr\u00f3tkotrwa\u0142e zanurzenie w wodzie.\",\"breadcrumb\":{\"@id\":\"https:\\\/\\\/toidupakk.ee\\\/pl\\\/toode\\\/taktyczny-plecak-wodoszczelny-dry-bag-mil-tec\\\/#breadcrumb\"},\"inLanguage\":\"pl-PL\",\"potentialAction\":[{\"@type\":\"ReadAction\",\"target\":[\"https:\\\/\\\/toidupakk.ee\\\/pl\\\/toode\\\/taktyczny-plecak-wodoszczelny-dry-bag-mil-tec\\\/\"]}]},{\"@type\":\"ImageObject\",\"inLanguage\":\"pl-PL\",\"@id\":\"https:\\\/\\\/toidupakk.ee\\\/pl\\\/toode\\\/taktyczny-plecak-wodoszczelny-dry-bag-mil-tec\\\/#primaryimage\",\"url\":\"https:\\\/\\\/toidupakk.ee\\\/wp-content\\\/uploads\\\/2024\\\/05\\\/Taktikaline-Dry-Bag-Seljakott-MIL-TEC-1.png\",\"contentUrl\":\"https:\\\/\\\/toidupakk.ee\\\/wp-content\\\/uploads\\\/2024\\\/05\\\/Taktikaline-Dry-Bag-Seljakott-MIL-TEC-1.png\",\"width\":800,\"height\":800,\"caption\":\"dry bag seljakott\"},{\"@type\":\"BreadcrumbList\",\"@id\":\"https:\\\/\\\/toidupakk.ee\\\/pl\\\/toode\\\/taktyczny-plecak-wodoszczelny-dry-bag-mil-tec\\\/#breadcrumb\",\"itemListElement\":[{\"@type\":\"ListItem\",\"position\":1,\"name\":\"Avaleht\",\"item\":\"https:\\\/\\\/toidupakk.ee\\\/pl\\\/\"},{\"@type\":\"ListItem\",\"position\":2,\"name\":\"Sklep internetowy\",\"item\":\"https:\\\/\\\/toidupakk.ee\\\/pl\\\/sklep-internetowy\\\/\"},{\"@type\":\"ListItem\",\"position\":3,\"name\":\"Taktyczny plecak wodoszczelny \\\/ Dry Bag MIL-TEC\u00ae\"}]},{\"@type\":\"WebSite\",\"@id\":\"https:\\\/\\\/toidupakk.ee\\\/pl\\\/#website\",\"url\":\"https:\\\/\\\/toidupakk.ee\\\/pl\\\/\",\"name\":\"Toidupakk.ee - Tactical Foodpack toidupakid\",\"description\":\"Tactical Foodpack k\u00fclmkuivatatud toidupakid ja matkaeined\",\"publisher\":{\"@id\":\"https:\\\/\\\/toidupakk.ee\\\/pl\\\/#organization\"},\"potentialAction\":[{\"@type\":\"SearchAction\",\"target\":{\"@type\":\"EntryPoint\",\"urlTemplate\":\"https:\\\/\\\/toidupakk.ee\\\/pl\\\/?s={search_term_string}\"},\"query-input\":{\"@type\":\"PropertyValueSpecification\",\"valueRequired\":true,\"valueName\":\"search_term_string\"}}],\"inLanguage\":\"pl-PL\"},{\"@type\":\"Organization\",\"@id\":\"https:\\\/\\\/toidupakk.ee\\\/pl\\\/#organization\",\"name\":\"Tactical Foodpack matkaeined\",\"url\":\"https:\\\/\\\/toidupakk.ee\\\/pl\\\/\",\"logo\":{\"@type\":\"ImageObject\",\"inLanguage\":\"pl-PL\",\"@id\":\"https:\\\/\\\/toidupakk.ee\\\/pl\\\/#\\\/schema\\\/logo\\\/image\\\/\",\"url\":\"https:\\\/\\\/toidupakk.ee\\\/wp-content\\\/uploads\\\/2022\\\/01\\\/Toidupakk-matkapood-logo-transparent.png\",\"contentUrl\":\"https:\\\/\\\/toidupakk.ee\\\/wp-content\\\/uploads\\\/2022\\\/01\\\/Toidupakk-matkapood-logo-transparent.png\",\"width\":500,\"height\":500,\"caption\":\"Tactical Foodpack matkaeined\"},\"image\":{\"@id\":\"https:\\\/\\\/toidupakk.ee\\\/pl\\\/#\\\/schema\\\/logo\\\/image\\\/\"},\"sameAs\":[\"https:\\\/\\\/www.facebook.com\\\/Toidupakk\",\"https:\\\/\\\/www.instagram.com\\\/toidupakk\\\/\"]}]}<\/script>\n<!-- \/ Yoast SEO plugin. -->","yoast_head_json":{"title":"Taktyczny plecak wodoszczelny \/ Dry Bag MIL-TEC\u00ae","description":"Hybryda plecaka i worka wodoszczelnego, stworzona do transportu sprz\u0119tu w warunkach du\u017cej wilgotno\u015bci. Plecak wytrzyma kr\u00f3tkotrwa\u0142e zanurzenie w wodzie.","robots":{"index":"index","follow":"follow","max-snippet":"max-snippet:-1","max-image-preview":"max-image-preview:large","max-video-preview":"max-video-preview:-1"},"canonical":"https:\/\/toidupakk.ee\/pl\/toode\/taktyczny-plecak-wodoszczelny-dry-bag-mil-tec\/","og_locale":"pl_PL","og_type":"article","og_title":"Taktyczny plecak wodoszczelny \/ Dry Bag MIL-TEC\u00ae","og_description":"Hybryda plecaka i worka wodoszczelnego, stworzona do transportu sprz\u0119tu w warunkach du\u017cej wilgotno\u015bci. Plecak wytrzyma kr\u00f3tkotrwa\u0142e zanurzenie w wodzie.","og_url":"https:\/\/toidupakk.ee\/pl\/toode\/taktyczny-plecak-wodoszczelny-dry-bag-mil-tec\/","og_site_name":"Toidupakk.ee - Tactical Foodpack toidupakid","article_publisher":"https:\/\/www.facebook.com\/Toidupakk","article_modified_time":"2026-04-29T12:30:37+00:00","og_image":[{"width":800,"height":800,"url":"https:\/\/toidupakk.ee\/wp-content\/uploads\/2024\/05\/Taktikaline-Dry-Bag-Seljakott-MIL-TEC-1.png","type":"image\/png"}],"twitter_card":"summary_large_image","twitter_misc":{"Szacowany czas czytania":"1 minuta"},"schema":{"@context":"https:\/\/schema.org","@graph":[{"@type":"WebPage","@id":"https:\/\/toidupakk.ee\/pl\/toode\/taktyczny-plecak-wodoszczelny-dry-bag-mil-tec\/","url":"https:\/\/toidupakk.ee\/pl\/toode\/taktyczny-plecak-wodoszczelny-dry-bag-mil-tec\/","name":"Taktyczny plecak wodoszczelny \/ Dry Bag MIL-TEC\u00ae","isPartOf":{"@id":"https:\/\/toidupakk.ee\/pl\/#website"},"primaryImageOfPage":{"@id":"https:\/\/toidupakk.ee\/pl\/toode\/taktyczny-plecak-wodoszczelny-dry-bag-mil-tec\/#primaryimage"},"image":{"@id":"https:\/\/toidupakk.ee\/pl\/toode\/taktyczny-plecak-wodoszczelny-dry-bag-mil-tec\/#primaryimage"},"thumbnailUrl":"https:\/\/toidupakk.ee\/wp-content\/uploads\/2024\/05\/Taktikaline-Dry-Bag-Seljakott-MIL-TEC-1.png","datePublished":"2024-05-03T14:06:02+00:00","dateModified":"2026-04-29T12:30:37+00:00","description":"Hybryda plecaka i worka wodoszczelnego, stworzona do transportu sprz\u0119tu w warunkach du\u017cej wilgotno\u015bci. Plecak wytrzyma kr\u00f3tkotrwa\u0142e zanurzenie w wodzie.","breadcrumb":{"@id":"https:\/\/toidupakk.ee\/pl\/toode\/taktyczny-plecak-wodoszczelny-dry-bag-mil-tec\/#breadcrumb"},"inLanguage":"pl-PL","potentialAction":[{"@type":"ReadAction","target":["https:\/\/toidupakk.ee\/pl\/toode\/taktyczny-plecak-wodoszczelny-dry-bag-mil-tec\/"]}]},{"@type":"ImageObject","inLanguage":"pl-PL","@id":"https:\/\/toidupakk.ee\/pl\/toode\/taktyczny-plecak-wodoszczelny-dry-bag-mil-tec\/#primaryimage","url":"https:\/\/toidupakk.ee\/wp-content\/uploads\/2024\/05\/Taktikaline-Dry-Bag-Seljakott-MIL-TEC-1.png","contentUrl":"https:\/\/toidupakk.ee\/wp-content\/uploads\/2024\/05\/Taktikaline-Dry-Bag-Seljakott-MIL-TEC-1.png","width":800,"height":800,"caption":"dry bag seljakott"},{"@type":"BreadcrumbList","@id":"https:\/\/toidupakk.ee\/pl\/toode\/taktyczny-plecak-wodoszczelny-dry-bag-mil-tec\/#breadcrumb","itemListElement":[{"@type":"ListItem","position":1,"name":"Avaleht","item":"https:\/\/toidupakk.ee\/pl\/"},{"@type":"ListItem","position":2,"name":"Sklep internetowy","item":"https:\/\/toidupakk.ee\/pl\/sklep-internetowy\/"},{"@type":"ListItem","position":3,"name":"Taktyczny plecak wodoszczelny \/ Dry Bag MIL-TEC\u00ae"}]},{"@type":"WebSite","@id":"https:\/\/toidupakk.ee\/pl\/#website","url":"https:\/\/toidupakk.ee\/pl\/","name":"Toidupakk.ee - Tactical Foodpack toidupakid","description":"Tactical Foodpack k\u00fclmkuivatatud toidupakid ja matkaeined","publisher":{"@id":"https:\/\/toidupakk.ee\/pl\/#organization"},"potentialAction":[{"@type":"SearchAction","target":{"@type":"EntryPoint","urlTemplate":"https:\/\/toidupakk.ee\/pl\/?s={search_term_string}"},"query-input":{"@type":"PropertyValueSpecification","valueRequired":true,"valueName":"search_term_string"}}],"inLanguage":"pl-PL"},{"@type":"Organization","@id":"https:\/\/toidupakk.ee\/pl\/#organization","name":"Tactical Foodpack matkaeined","url":"https:\/\/toidupakk.ee\/pl\/","logo":{"@type":"ImageObject","inLanguage":"pl-PL","@id":"https:\/\/toidupakk.ee\/pl\/#\/schema\/logo\/image\/","url":"https:\/\/toidupakk.ee\/wp-content\/uploads\/2022\/01\/Toidupakk-matkapood-logo-transparent.png","contentUrl":"https:\/\/toidupakk.ee\/wp-content\/uploads\/2022\/01\/Toidupakk-matkapood-logo-transparent.png","width":500,"height":500,"caption":"Tactical Foodpack matkaeined"},"image":{"@id":"https:\/\/toidupakk.ee\/pl\/#\/schema\/logo\/image\/"},"sameAs":["https:\/\/www.facebook.com\/Toidupakk","https:\/\/www.instagram.com\/toidupakk\/"]}]}},"jetpack_sharing_enabled":true,"_links":{"self":[{"href":"https:\/\/toidupakk.ee\/pl\/wp-json\/wp\/v2\/product\/51028","targetHints":{"allow":["GET"]}}],"collection":[{"href":"https:\/\/toidupakk.ee\/pl\/wp-json\/wp\/v2\/product"}],"about":[{"href":"https:\/\/toidupakk.ee\/pl\/wp-json\/wp\/v2\/types\/product"}],"replies":[{"embeddable":true,"href":"https:\/\/toidupakk.ee\/pl\/wp-json\/wp\/v2\/comments?post=51028"}],"wp:featuredmedia":[{"embeddable":true,"href":"https:\/\/toidupakk.ee\/pl\/wp-json\/wp\/v2\/media\/22535"}],"wp:attachment":[{"href":"https:\/\/toidupakk.ee\/pl\/wp-json\/wp\/v2\/media?parent=51028"}],"wp:term":[{"taxonomy":"product_brand","embeddable":true,"href":"https:\/\/toidupakk.ee\/pl\/wp-json\/wp\/v2\/product_brand?post=51028"},{"taxonomy":"product_cat","embeddable":true,"href":"https:\/\/toidupakk.ee\/pl\/wp-json\/wp\/v2\/product_cat?post=51028"},{"taxonomy":"product_tag","embeddable":true,"href":"https:\/\/toidupakk.ee\/pl\/wp-json\/wp\/v2\/product_tag?post=51028"}],"curies":[{"name":"wp","href":"https:\/\/api.w.org\/{rel}","templated":true}]}}