{"id":50779,"date":"2023-12-21T12:16:10","date_gmt":"2023-12-21T10:16:10","guid":{"rendered":"https:\/\/toidupakk.ee\/toode\/kominiarka-balaclava\/"},"modified":"2026-04-29T04:01:44","modified_gmt":"2026-04-29T01:01:44","slug":"kominiarka-balaclava","status":"publish","type":"product","link":"https:\/\/toidupakk.ee\/pl\/toode\/kominiarka-balaclava\/","title":{"rendered":"Kominiarka Balaclava"},"content":{"rendered":"<h1><img fetchpriority=\"high\" decoding=\"async\" class=\"wp-image-26267 size-thumbnail alignright\" src=\"https:\/\/toidupakk.ee\/wp-content\/uploads\/2023\/12\/Balaclava-fliisist-sukkmuts-1-500x500.png\" alt=\"ciep\u0142a polarowa kominiarka balaclava\" width=\"500\" height=\"500\" srcset=\"https:\/\/toidupakk.ee\/wp-content\/uploads\/2023\/12\/Balaclava-fliisist-sukkmuts-1-500x500.png 500w, https:\/\/toidupakk.ee\/wp-content\/uploads\/2023\/12\/Balaclava-fliisist-sukkmuts-1-400x400.png 400w, https:\/\/toidupakk.ee\/wp-content\/uploads\/2023\/12\/Balaclava-fliisist-sukkmuts-1-100x100.png 100w, https:\/\/toidupakk.ee\/wp-content\/uploads\/2023\/12\/Balaclava-fliisist-sukkmuts-1-300x300.png 300w, https:\/\/toidupakk.ee\/wp-content\/uploads\/2023\/12\/Balaclava-fliisist-sukkmuts-1-768x768.png 768w, https:\/\/toidupakk.ee\/wp-content\/uploads\/2023\/12\/Balaclava-fliisist-sukkmuts-1.png 800w\" sizes=\"(max-width: 500px) 100vw, 500px\" \/><\/h1>\n<h1 class=\"flex max-w-full flex-col items-stretch break-words\">Kominiarka Balaclava jest przeznaczona do noszenia w ch\u0142odniejsze dni<\/h1>\n<div class=\"c-hide group-hover\/content:c-show absolute bottom-1 right-1 z-50 flex items-center overflow-hidden rounded border border-slate-300 border-opacity-50 bg-slate-50 bg-opacity-30 backdrop-blur-[2px] transition-[opacity_200ms,visibility_200ms] dark:border-slate-700 dark:bg-slate-900\">\n<div class=\"group\/wrapper relative flex w-full flex-col items-start gap-2\">\n<div class=\"c-transition-colors group\/content relative max-w-[90%] items-center gap-2 overflow-hidden break-words rounded-b-xl rounded-tl rounded-tr-xl bg-slate-200 px-2 py-1.5 dark:bg-slate-800\">\n<div class=\"flex max-w-full flex-col items-stretch break-words\">\n<p class=\"my-1 text-base\">Kominiarka Balaclava powsta\u0142a, by zapewnia\u0107 ciep\u0142o w mro\u017anych i wietrznych warunkach, np. podczas w\u0119dr\u00f3wek, jazdy na nartach czy snowboardzie. Polar idealnie sprawdza si\u0119 w terenie \u2013 jest ciep\u0142y, lekki i nie ch\u0142onie wilgoci, dbaj\u0105c o Tw\u00f3j suchy komfort. Kominiarka ma dwupunktow\u0105 regulacj\u0119 i os\u0142ania g\u0142ow\u0119, szyj\u0119 oraz twarz. Chroni te\u017c przed oparzeniami s\u0142onecznymi, wiatrem i odmro\u017ceniami.   <\/p>\n<\/div>\n<div class=\"c-hide group-hover\/content:c-show absolute bottom-1 right-1 z-50 flex items-center overflow-hidden rounded border border-slate-300 border-opacity-50 bg-slate-50 bg-opacity-30 backdrop-blur-[2px] transition-[opacity_200ms,visibility_200ms] dark:border-slate-700 dark:bg-slate-900\">\n<p class=\"my-1 text-base\">Jednym z g\u0142\u00f3wnych powod\u00f3w, dla kt\u00f3rych warto wybra\u0107 kominiark\u0119 Balaclava, jest polar. To ciep\u0142y, lekki i odporny na wilgo\u0107 materia\u0142, kt\u00f3ry zapewnia sucho\u015b\u0107 i wygod\u0119 nawet w ekstremalnych warunkach. Regulowana konstrukcja pozwala dopasowa\u0107 j\u0105 do ka\u017cdego kszta\u0142tu g\u0142owy i twarzy.  <\/p>\n<p class=\"my-1 text-base\">To idealny wyb\u00f3r dla ka\u017cdego, kto kocha sporty zimowe lub aktywno\u015b\u0107 na zewn\u0105trz i szuka ochrony przed zimnem. Kominiarka sprawdzi si\u0119 zar\u00f3wno u amator\u00f3w, jak i pasjonat\u00f3w sportu, kt\u00f3rzy chc\u0105 cieszy\u0107 si\u0119 zim\u0105 bez obaw o mr\u00f3z. <\/p>\n<p><img decoding=\"async\" class=\"alignnone wp-image-12692 size-medium\" src=\"https:\/\/toidupakk.ee\/wp-content\/uploads\/2023\/08\/Fostex-Garments-logo-300x126.png\" alt=\"logo fostex\" width=\"300\" height=\"126\" srcset=\"https:\/\/toidupakk.ee\/wp-content\/uploads\/2023\/08\/Fostex-Garments-logo-300x126.png 300w, https:\/\/toidupakk.ee\/wp-content\/uploads\/2023\/08\/Fostex-Garments-logo.png 420w\" sizes=\"(max-width: 300px) 100vw, 300px\" \/><\/p>\n<p>Interesuje Ci\u0119 sprz\u0119t turystyczny? Sprawd\u017a szczeg\u00f3\u0142y <a href=\"https:\/\/toidupakk.ee\/pl\/tootekategooria\/sprzet-turystyczny\/#section-3-79\">TUTAJ<\/a><\/p>\n<p>Interesuj\u0105 Ci\u0119 posi\u0142ki turystyczne? Zobacz <a href=\"https:\/\/toidupakk.ee\/pl\/tootekategooria\/dania-glowne\/\">TUTAJ<\/a><\/p>\n<p>Znajd\u017a inspiracj\u0119 na kolejne przygody na <a href=\"https:\/\/www.instagram.com\/toidupakk\/\">Instagramie<\/a> i <a href=\"https:\/\/www.facebook.com\/Toidupakk\/\">Facebooku<\/a> Toidupakk.<\/p>\n<\/div>\n<\/div>\n<\/div>\n<div class=\"group\/wrapper relative flex w-full flex-col items-start gap-2\"><\/div>\n<\/div>\n","protected":false},"excerpt":{"rendered":"<p><strong>Kominiarka Balaclava zosta\u0142a stworzona do u\u017cytku w mro\u017anych i wietrznych warunkach. To futurystyczne nakrycie g\u0142owy zapewni Ci ciep\u0142o i sucho\u015b\u0107. <\/strong><\/p>\n<ul>\n<li>Chro\u0144 twarz przed odmro\u017ceniami<\/li>\n<li>Hydrofobowy polar<\/li>\n<li>Os\u0142ona twarzy regulowana w dw\u00f3ch miejscach<\/li>\n<li>Chroni przed zimnem g\u0142ow\u0119, twarz i szyj\u0119<\/li>\n<li>Marka: Fostex Garments<\/li>\n<li>Dost\u0119pne kolory: zielony, czarny i kamufla\u017c<\/li>\n<li>Waga: 98 g<\/li>\n<\/ul>\n<p>\u2705 Dost\u0119pne w magazynie, szybka dostawa w 1\u20133 dni robocze<\/p>\n","protected":false},"featured_media":17225,"comment_status":"open","ping_status":"closed","template":"","meta":{"_acf_changed":false},"product_brand":[],"product_cat":[303,350,319,326,301],"product_tag":[],"class_list":{"0":"post-50779","1":"product","2":"type-product","3":"status-publish","4":"has-post-thumbnail","6":"product_cat-akcesoria-turystyczne","7":"product_cat-czapki","8":"product_cat-odziez","9":"product_cat-produkty-zimowe","10":"product_cat-sprzet-turystyczny","12":"first","13":"instock","14":"sale","15":"taxable","16":"shipping-taxable","17":"purchasable","18":"product-type-variable","19":"has-default-attributes"},"bundled_by":[],"bundle_stock_status":"instock","bundle_stock_quantity":null,"bundle_virtual":false,"bundle_layout":"","bundle_add_to_cart_form_location":"","bundle_editable_in_cart":false,"bundle_sold_individually_context":"","bundle_item_grouping":"","bundle_min_size":"","bundle_max_size":"","bundle_price":[],"bundled_items":[],"bundle_sell_ids":[],"acf":[],"yoast_head":"<!-- This site is optimized with the Yoast SEO plugin v27.3 - https:\/\/yoast.com\/product\/yoast-seo-wordpress\/ -->\n<title>Kominiarka Balaclava<\/title>\n<meta name=\"description\" content=\"Polarowa kominiarka Balaclava jest ciep\u0142a, regulowana i odprowadza wilgo\u0107, zapewniaj\u0105c ochron\u0119 g\u0142owy, szyi i twarzy w mro\u017anych oraz wietrznych warunkach.\" \/>\n<meta name=\"robots\" content=\"index, follow, max-snippet:-1, max-image-preview:large, max-video-preview:-1\" \/>\n<link rel=\"canonical\" href=\"https:\/\/toidupakk.ee\/pl\/toode\/kominiarka-balaclava\/\" \/>\n<meta property=\"og:locale\" content=\"pl_PL\" \/>\n<meta property=\"og:type\" content=\"article\" \/>\n<meta property=\"og:title\" content=\"Kominiarka Balaclava\" \/>\n<meta property=\"og:description\" content=\"Polarowa kominiarka Balaclava jest ciep\u0142a, regulowana i odprowadza wilgo\u0107, zapewniaj\u0105c ochron\u0119 g\u0142owy, szyi i twarzy w mro\u017anych oraz wietrznych warunkach.\" \/>\n<meta property=\"og:url\" content=\"https:\/\/toidupakk.ee\/pl\/toode\/kominiarka-balaclava\/\" \/>\n<meta property=\"og:site_name\" content=\"Toidupakk.ee - Tactical Foodpack toidupakid\" \/>\n<meta property=\"article:publisher\" content=\"https:\/\/www.facebook.com\/Toidupakk\" \/>\n<meta property=\"article:modified_time\" content=\"2026-04-29T01:01:44+00:00\" \/>\n<meta property=\"og:image\" content=\"https:\/\/toidupakk.ee\/wp-content\/uploads\/2023\/12\/Sukkmuts-Balaclava-fliisist-24.png\" \/>\n\t<meta property=\"og:image:width\" content=\"800\" \/>\n\t<meta property=\"og:image:height\" content=\"800\" \/>\n\t<meta property=\"og:image:type\" content=\"image\/png\" \/>\n<meta name=\"twitter:card\" content=\"summary_large_image\" \/>\n<meta name=\"twitter:label1\" content=\"Szacowany czas czytania\" \/>\n\t<meta name=\"twitter:data1\" content=\"1 minuta\" \/>\n<script type=\"application\/ld+json\" class=\"yoast-schema-graph\">{\"@context\":\"https:\\\/\\\/schema.org\",\"@graph\":[{\"@type\":\"WebPage\",\"@id\":\"https:\\\/\\\/toidupakk.ee\\\/pl\\\/toode\\\/kominiarka-balaclava\\\/\",\"url\":\"https:\\\/\\\/toidupakk.ee\\\/pl\\\/toode\\\/kominiarka-balaclava\\\/\",\"name\":\"Kominiarka Balaclava\",\"isPartOf\":{\"@id\":\"https:\\\/\\\/toidupakk.ee\\\/pl\\\/#website\"},\"primaryImageOfPage\":{\"@id\":\"https:\\\/\\\/toidupakk.ee\\\/pl\\\/toode\\\/kominiarka-balaclava\\\/#primaryimage\"},\"image\":{\"@id\":\"https:\\\/\\\/toidupakk.ee\\\/pl\\\/toode\\\/kominiarka-balaclava\\\/#primaryimage\"},\"thumbnailUrl\":\"https:\\\/\\\/toidupakk.ee\\\/wp-content\\\/uploads\\\/2023\\\/12\\\/Sukkmuts-Balaclava-fliisist-24.png\",\"datePublished\":\"2023-12-21T10:16:10+00:00\",\"dateModified\":\"2026-04-29T01:01:44+00:00\",\"description\":\"Polarowa kominiarka Balaclava jest ciep\u0142a, regulowana i odprowadza wilgo\u0107, zapewniaj\u0105c ochron\u0119 g\u0142owy, szyi i twarzy w mro\u017anych oraz wietrznych warunkach.\",\"breadcrumb\":{\"@id\":\"https:\\\/\\\/toidupakk.ee\\\/pl\\\/toode\\\/kominiarka-balaclava\\\/#breadcrumb\"},\"inLanguage\":\"pl-PL\",\"potentialAction\":[{\"@type\":\"ReadAction\",\"target\":[\"https:\\\/\\\/toidupakk.ee\\\/pl\\\/toode\\\/kominiarka-balaclava\\\/\"]}]},{\"@type\":\"ImageObject\",\"inLanguage\":\"pl-PL\",\"@id\":\"https:\\\/\\\/toidupakk.ee\\\/pl\\\/toode\\\/kominiarka-balaclava\\\/#primaryimage\",\"url\":\"https:\\\/\\\/toidupakk.ee\\\/wp-content\\\/uploads\\\/2023\\\/12\\\/Sukkmuts-Balaclava-fliisist-24.png\",\"contentUrl\":\"https:\\\/\\\/toidupakk.ee\\\/wp-content\\\/uploads\\\/2023\\\/12\\\/Sukkmuts-Balaclava-fliisist-24.png\",\"width\":800,\"height\":800},{\"@type\":\"BreadcrumbList\",\"@id\":\"https:\\\/\\\/toidupakk.ee\\\/pl\\\/toode\\\/kominiarka-balaclava\\\/#breadcrumb\",\"itemListElement\":[{\"@type\":\"ListItem\",\"position\":1,\"name\":\"Avaleht\",\"item\":\"https:\\\/\\\/toidupakk.ee\\\/pl\\\/\"},{\"@type\":\"ListItem\",\"position\":2,\"name\":\"Sklep internetowy\",\"item\":\"https:\\\/\\\/toidupakk.ee\\\/pl\\\/sklep-internetowy\\\/\"},{\"@type\":\"ListItem\",\"position\":3,\"name\":\"Kominiarka Balaclava\"}]},{\"@type\":\"WebSite\",\"@id\":\"https:\\\/\\\/toidupakk.ee\\\/pl\\\/#website\",\"url\":\"https:\\\/\\\/toidupakk.ee\\\/pl\\\/\",\"name\":\"Toidupakk.ee - Tactical Foodpack toidupakid\",\"description\":\"Tactical Foodpack k\u00fclmkuivatatud toidupakid ja matkaeined\",\"publisher\":{\"@id\":\"https:\\\/\\\/toidupakk.ee\\\/pl\\\/#organization\"},\"potentialAction\":[{\"@type\":\"SearchAction\",\"target\":{\"@type\":\"EntryPoint\",\"urlTemplate\":\"https:\\\/\\\/toidupakk.ee\\\/pl\\\/?s={search_term_string}\"},\"query-input\":{\"@type\":\"PropertyValueSpecification\",\"valueRequired\":true,\"valueName\":\"search_term_string\"}}],\"inLanguage\":\"pl-PL\"},{\"@type\":\"Organization\",\"@id\":\"https:\\\/\\\/toidupakk.ee\\\/pl\\\/#organization\",\"name\":\"Tactical Foodpack matkaeined\",\"url\":\"https:\\\/\\\/toidupakk.ee\\\/pl\\\/\",\"logo\":{\"@type\":\"ImageObject\",\"inLanguage\":\"pl-PL\",\"@id\":\"https:\\\/\\\/toidupakk.ee\\\/pl\\\/#\\\/schema\\\/logo\\\/image\\\/\",\"url\":\"https:\\\/\\\/toidupakk.ee\\\/wp-content\\\/uploads\\\/2022\\\/01\\\/Toidupakk-matkapood-logo-transparent.png\",\"contentUrl\":\"https:\\\/\\\/toidupakk.ee\\\/wp-content\\\/uploads\\\/2022\\\/01\\\/Toidupakk-matkapood-logo-transparent.png\",\"width\":500,\"height\":500,\"caption\":\"Tactical Foodpack matkaeined\"},\"image\":{\"@id\":\"https:\\\/\\\/toidupakk.ee\\\/pl\\\/#\\\/schema\\\/logo\\\/image\\\/\"},\"sameAs\":[\"https:\\\/\\\/www.facebook.com\\\/Toidupakk\",\"https:\\\/\\\/www.instagram.com\\\/toidupakk\\\/\"]}]}<\/script>\n<!-- \/ Yoast SEO plugin. -->","yoast_head_json":{"title":"Kominiarka Balaclava","description":"Polarowa kominiarka Balaclava jest ciep\u0142a, regulowana i odprowadza wilgo\u0107, zapewniaj\u0105c ochron\u0119 g\u0142owy, szyi i twarzy w mro\u017anych oraz wietrznych warunkach.","robots":{"index":"index","follow":"follow","max-snippet":"max-snippet:-1","max-image-preview":"max-image-preview:large","max-video-preview":"max-video-preview:-1"},"canonical":"https:\/\/toidupakk.ee\/pl\/toode\/kominiarka-balaclava\/","og_locale":"pl_PL","og_type":"article","og_title":"Kominiarka Balaclava","og_description":"Polarowa kominiarka Balaclava jest ciep\u0142a, regulowana i odprowadza wilgo\u0107, zapewniaj\u0105c ochron\u0119 g\u0142owy, szyi i twarzy w mro\u017anych oraz wietrznych warunkach.","og_url":"https:\/\/toidupakk.ee\/pl\/toode\/kominiarka-balaclava\/","og_site_name":"Toidupakk.ee - Tactical Foodpack toidupakid","article_publisher":"https:\/\/www.facebook.com\/Toidupakk","article_modified_time":"2026-04-29T01:01:44+00:00","og_image":[{"width":800,"height":800,"url":"https:\/\/toidupakk.ee\/wp-content\/uploads\/2023\/12\/Sukkmuts-Balaclava-fliisist-24.png","type":"image\/png"}],"twitter_card":"summary_large_image","twitter_misc":{"Szacowany czas czytania":"1 minuta"},"schema":{"@context":"https:\/\/schema.org","@graph":[{"@type":"WebPage","@id":"https:\/\/toidupakk.ee\/pl\/toode\/kominiarka-balaclava\/","url":"https:\/\/toidupakk.ee\/pl\/toode\/kominiarka-balaclava\/","name":"Kominiarka Balaclava","isPartOf":{"@id":"https:\/\/toidupakk.ee\/pl\/#website"},"primaryImageOfPage":{"@id":"https:\/\/toidupakk.ee\/pl\/toode\/kominiarka-balaclava\/#primaryimage"},"image":{"@id":"https:\/\/toidupakk.ee\/pl\/toode\/kominiarka-balaclava\/#primaryimage"},"thumbnailUrl":"https:\/\/toidupakk.ee\/wp-content\/uploads\/2023\/12\/Sukkmuts-Balaclava-fliisist-24.png","datePublished":"2023-12-21T10:16:10+00:00","dateModified":"2026-04-29T01:01:44+00:00","description":"Polarowa kominiarka Balaclava jest ciep\u0142a, regulowana i odprowadza wilgo\u0107, zapewniaj\u0105c ochron\u0119 g\u0142owy, szyi i twarzy w mro\u017anych oraz wietrznych warunkach.","breadcrumb":{"@id":"https:\/\/toidupakk.ee\/pl\/toode\/kominiarka-balaclava\/#breadcrumb"},"inLanguage":"pl-PL","potentialAction":[{"@type":"ReadAction","target":["https:\/\/toidupakk.ee\/pl\/toode\/kominiarka-balaclava\/"]}]},{"@type":"ImageObject","inLanguage":"pl-PL","@id":"https:\/\/toidupakk.ee\/pl\/toode\/kominiarka-balaclava\/#primaryimage","url":"https:\/\/toidupakk.ee\/wp-content\/uploads\/2023\/12\/Sukkmuts-Balaclava-fliisist-24.png","contentUrl":"https:\/\/toidupakk.ee\/wp-content\/uploads\/2023\/12\/Sukkmuts-Balaclava-fliisist-24.png","width":800,"height":800},{"@type":"BreadcrumbList","@id":"https:\/\/toidupakk.ee\/pl\/toode\/kominiarka-balaclava\/#breadcrumb","itemListElement":[{"@type":"ListItem","position":1,"name":"Avaleht","item":"https:\/\/toidupakk.ee\/pl\/"},{"@type":"ListItem","position":2,"name":"Sklep internetowy","item":"https:\/\/toidupakk.ee\/pl\/sklep-internetowy\/"},{"@type":"ListItem","position":3,"name":"Kominiarka Balaclava"}]},{"@type":"WebSite","@id":"https:\/\/toidupakk.ee\/pl\/#website","url":"https:\/\/toidupakk.ee\/pl\/","name":"Toidupakk.ee - Tactical Foodpack toidupakid","description":"Tactical Foodpack k\u00fclmkuivatatud toidupakid ja matkaeined","publisher":{"@id":"https:\/\/toidupakk.ee\/pl\/#organization"},"potentialAction":[{"@type":"SearchAction","target":{"@type":"EntryPoint","urlTemplate":"https:\/\/toidupakk.ee\/pl\/?s={search_term_string}"},"query-input":{"@type":"PropertyValueSpecification","valueRequired":true,"valueName":"search_term_string"}}],"inLanguage":"pl-PL"},{"@type":"Organization","@id":"https:\/\/toidupakk.ee\/pl\/#organization","name":"Tactical Foodpack matkaeined","url":"https:\/\/toidupakk.ee\/pl\/","logo":{"@type":"ImageObject","inLanguage":"pl-PL","@id":"https:\/\/toidupakk.ee\/pl\/#\/schema\/logo\/image\/","url":"https:\/\/toidupakk.ee\/wp-content\/uploads\/2022\/01\/Toidupakk-matkapood-logo-transparent.png","contentUrl":"https:\/\/toidupakk.ee\/wp-content\/uploads\/2022\/01\/Toidupakk-matkapood-logo-transparent.png","width":500,"height":500,"caption":"Tactical Foodpack matkaeined"},"image":{"@id":"https:\/\/toidupakk.ee\/pl\/#\/schema\/logo\/image\/"},"sameAs":["https:\/\/www.facebook.com\/Toidupakk","https:\/\/www.instagram.com\/toidupakk\/"]}]}},"jetpack_sharing_enabled":true,"_links":{"self":[{"href":"https:\/\/toidupakk.ee\/pl\/wp-json\/wp\/v2\/product\/50779","targetHints":{"allow":["GET"]}}],"collection":[{"href":"https:\/\/toidupakk.ee\/pl\/wp-json\/wp\/v2\/product"}],"about":[{"href":"https:\/\/toidupakk.ee\/pl\/wp-json\/wp\/v2\/types\/product"}],"replies":[{"embeddable":true,"href":"https:\/\/toidupakk.ee\/pl\/wp-json\/wp\/v2\/comments?post=50779"}],"wp:featuredmedia":[{"embeddable":true,"href":"https:\/\/toidupakk.ee\/pl\/wp-json\/wp\/v2\/media\/17225"}],"wp:attachment":[{"href":"https:\/\/toidupakk.ee\/pl\/wp-json\/wp\/v2\/media?parent=50779"}],"wp:term":[{"taxonomy":"product_brand","embeddable":true,"href":"https:\/\/toidupakk.ee\/pl\/wp-json\/wp\/v2\/product_brand?post=50779"},{"taxonomy":"product_cat","embeddable":true,"href":"https:\/\/toidupakk.ee\/pl\/wp-json\/wp\/v2\/product_cat?post=50779"},{"taxonomy":"product_tag","embeddable":true,"href":"https:\/\/toidupakk.ee\/pl\/wp-json\/wp\/v2\/product_tag?post=50779"}],"curies":[{"name":"wp","href":"https:\/\/api.w.org\/{rel}","templated":true}]}}