{"id":50568,"date":"2024-03-21T13:19:40","date_gmt":"2024-03-21T11:19:40","guid":{"rendered":"https:\/\/toidupakk.ee\/toode\/buty-trekkingowe-alpina-tracker-mid\/"},"modified":"2026-04-29T20:01:59","modified_gmt":"2026-04-29T17:01:59","slug":"buty-trekkingowe-alpina-tracker-mid","status":"publish","type":"product","link":"https:\/\/toidupakk.ee\/pl\/toode\/buty-trekkingowe-alpina-tracker-mid\/","title":{"rendered":"Buty trekkingowe Alpina TRACKER MID"},"content":{"rendered":"<h1>Buty Alpina oraz zastosowane w nich materia\u0142y i technologie<\/h1>\n<p>&nbsp;<\/p>\n<h2>Technologia ALPITEX<\/h2>\n<p><img decoding=\"async\" class=\"alignnone size-full wp-image-21431\" src=\"https:\/\/toidupakk.ee\/wp-content\/uploads\/2024\/03\/Alpitex-Technology.png\" alt=\"\" width=\"200\" height=\"50\"><\/p>\n<p><img fetchpriority=\"high\" decoding=\"async\" class=\"alignnone wp-image-21589 size-full\" src=\"https:\/\/toidupakk.ee\/wp-content\/uploads\/2024\/03\/valge-taust.png\" alt=\"\" width=\"400\" height=\"250\" srcset=\"https:\/\/toidupakk.ee\/wp-content\/uploads\/2024\/03\/valge-taust.png 400w, https:\/\/toidupakk.ee\/wp-content\/uploads\/2024\/03\/valge-taust-300x188.png 300w\" sizes=\"(max-width: 400px) 100vw, 400px\" \/><\/p>\n<p>Rewolucyjna membrana Alpitex wyznacza nowy<br \/>\nstandard wodoodporno\u015bci \u2013 18 000 mm s\u0142upa wody.<br \/>\nTechnologia Alpitex pomaga zachowa\u0107 sucho\u015b\u0107, wentylacj\u0119<br \/>\nw r\u00f3\u017cnych warunkach pogodowych i komfort przy ka\u017cdej pogodzie.<br \/>\nCiesz si\u0119 przyrod\u0105 z Alpitex.<\/p>\n<h2>Technologia Sympatex\u00ae<\/h2>\n<p><img decoding=\"async\" class=\"wp-image-21443 size-full alignnone\" src=\"https:\/\/toidupakk.ee\/wp-content\/uploads\/2024\/03\/Sympatex.png\" alt=\"\" width=\"400\" height=\"250\" srcset=\"https:\/\/toidupakk.ee\/wp-content\/uploads\/2024\/03\/Sympatex.png 400w, https:\/\/toidupakk.ee\/wp-content\/uploads\/2024\/03\/Sympatex-300x188.png 300w\" sizes=\"(max-width: 400px) 100vw, 400px\" \/><\/p>\n<p>Ceniona przez turyst\u00f3w wodoodporna membrana sympatex\u00ae<br \/>\no wodoodporno\u015bci do 45 000 mm<br \/>\nspe\u0142nia norm\u0119 DIN EN 343.<br \/>\nZaufaj naszej trwa\u0142ej, bezporowej konstrukcji<br \/>\ni dynamicznemu rozpraszaniu wilgoci\/pary wodnej.<br \/>\nZapewnia to u\u017cytkownikowi optymalny komfort<br \/>\ni ochron\u0119 st\u00f3p.<\/p>\n<h2>Marka but\u00f3w ALPINA i jej historia<\/h2>\n<p>ALPINA to s\u0142owe\u0144ski producent obuwia, kt\u00f3ry wytwarza r\u00f3\u017cne rodzaje but\u00f3w od 1947 roku. Za mark\u0105 ALPINA stoi wyj\u0105tkowe rzemios\u0142o, innowacyjne materia\u0142y i technologie, funkcjonalno\u015b\u0107 oraz design. Do tej pory marka ALPINA by\u0142a znana g\u0142\u00f3wnie jako pierwszy wyb\u00f3r najlepszych narciarzy \u015bwiata. W butach ALPINA ustanowiono liczne rekordy olimpijskie i mistrzostw \u015bwiata. Buty ALPINA s\u0105 znane w\u015br\u00f3d biegaczy narciarskich na ca\u0142ym \u015bwiecie, ale z biegiem czasu coraz cz\u0119\u015bciej wybieraj\u0105 je tak\u017ce tury\u015bci.    <\/p>\n<p>Po 75 latach do\u015bwiadczenia w produkcji, ALPINA obra\u0142a nowy kierunek i dzi\u015b produkuje r\u00f3wnie\u017c buty trekkingowe oraz obuwie do codziennego noszenia. Misj\u0105 ALPINA jest zapewnienie ludziom swobody ruchu i rado\u015bci. <\/p>\n<p><img loading=\"lazy\" decoding=\"async\" class=\"size-full wp-image-21582\" src=\"https:\/\/toidupakk.ee\/wp-content\/uploads\/2024\/03\/Alpina-jalatsi-brandi-loomisest.png\" alt=\"\" width=\"687\" height=\"600\" srcset=\"https:\/\/toidupakk.ee\/wp-content\/uploads\/2024\/03\/Alpina-jalatsi-brandi-loomisest.png 687w, https:\/\/toidupakk.ee\/wp-content\/uploads\/2024\/03\/Alpina-jalatsi-brandi-loomisest-300x262.png 300w\" sizes=\"(max-width: 687px) 100vw, 687px\" \/><\/p>\n<h2>Instrukcja piel\u0119gnacji but\u00f3w \u2013 jak dba\u0107 o buty trekkingowe?<\/h2>\n<p>Buty ALPINA s\u0105 produkowane z wysokiej jako\u015bci sk\u00f3ry licowej po\u0142\u0105czonej z innowacyjnymi materia\u0142ami syntetycznymi. Aby buty s\u0142u\u017cy\u0142y przez wiele lat, zachowa\u0142y swoj\u0105 funkcjonalno\u015b\u0107 i wygl\u0105d, wymagaj\u0105 okresowej piel\u0119gnacji. Dbaj\u0105c o obuwie, przed\u0142u\u017casz jego \u017cywotno\u015b\u0107 i zapewniasz estetyczny wygl\u0105d. Piel\u0119gnacja but\u00f3w nie jest skomplikowana \u2013 wymagaj\u0105 one g\u0142\u00f3wnie czyszczenia i kremowania. Przez kremowanie rozumiemy piel\u0119gnacj\u0119 sk\u00f3rzanych cz\u0119\u015bci buta. Nadaj\u0105 si\u0119 do tego wszystkie kremy i p\u0142yny przeznaczone do sk\u00f3ry licowej. W zale\u017cno\u015bci od pogody mo\u017cna stosowa\u0107 r\u00f3\u017cne \u015brodki hydrofobowe, nanowoski itp. \u015arodki do piel\u0119gnacji sk\u00f3ry s\u0105 dost\u0119pne we wszystkich sklepach obuwniczych.       <\/p>\n<p>Najpierw wyjmij sznurowad\u0142a i zetrzyj lu\u017any brud mi\u0119kk\u0105 szczotk\u0105. Je\u015bli do podeszwy przywar\u0142 mocniejszy brud, u\u017cyj szczotki z twardym w\u0142osiem. Najlepszym momentem na czyszczenie but\u00f3w trekkingowych jest czas bezpo\u015brednio po w\u0119dr\u00f3wce, zanim brud zaschnie. W razie potrzeby do czyszczenia mo\u017cna u\u017cy\u0107 bie\u017c\u0105cej wody i \u015brodka do czyszczenia obuwia.   <\/p>\n<p>Susz buty w temperaturze pokojowej, w miejscu o niskiej wilgotno\u015bci. Nie u\u017cywaj do suszenia bardzo gor\u0105cych miejsc ani gor\u0105cego powietrza. Dobrym sposobem jest wype\u0142nienie but\u00f3w gazetami \u2013 pomaga to skr\u00f3ci\u0107 czas schni\u0119cia.  <\/p>\n<p>&nbsp;<\/p>\n<h2>W butach ALPINA stosowane s\u0105 g\u0142\u00f3wnie podeszwy dw\u00f3ch marek \u2013 vibram\u00ae lub MICHELIN<\/h2>\n<p><img loading=\"lazy\" decoding=\"async\" class=\"alignnone size-full wp-image-21584\" src=\"https:\/\/toidupakk.ee\/wp-content\/uploads\/2024\/03\/Alpina-jalatsi-brandi-loomisest-192-x-112-px.png\" alt=\"\" width=\"192\" height=\"112\"><\/p>\n<p><img loading=\"lazy\" decoding=\"async\" class=\"size-full wp-image-21585\" src=\"https:\/\/toidupakk.ee\/wp-content\/uploads\/2024\/03\/vibram-saapatald.png\" alt=\"\" width=\"600\" height=\"200\" srcset=\"https:\/\/toidupakk.ee\/wp-content\/uploads\/2024\/03\/vibram-saapatald.png 600w, https:\/\/toidupakk.ee\/wp-content\/uploads\/2024\/03\/vibram-saapatald-300x100.png 300w\" sizes=\"(max-width: 600px) 100vw, 600px\" \/><\/p>\n<p>Podeszwy marki Vibram s\u0105 znane z doskona\u0142ej przyczepno\u015bci na r\u00f3\u017cnych nawierzchniach. Szczeg\u00f3lnie cenione przez osoby w\u0119druj\u0105ce po terenach g\u00f3rzystych. <\/p>\n<p>&nbsp;<\/p>\n<p><img loading=\"lazy\" decoding=\"async\" class=\"alignnone size-full wp-image-21586\" src=\"https:\/\/toidupakk.ee\/wp-content\/uploads\/2024\/03\/Alpina-jalatsi-brandi-loomisest-192-x-112-px-1.png\" alt=\"\" width=\"155\" height=\"60\"><\/p>\n<p><img loading=\"lazy\" decoding=\"async\" class=\"alignnone size-full wp-image-21587\" src=\"https:\/\/toidupakk.ee\/wp-content\/uploads\/2024\/03\/Saapatallad-MICHELIN.png\" alt=\"\" width=\"600\" height=\"200\" srcset=\"https:\/\/toidupakk.ee\/wp-content\/uploads\/2024\/03\/Saapatallad-MICHELIN.png 600w, https:\/\/toidupakk.ee\/wp-content\/uploads\/2024\/03\/Saapatallad-MICHELIN-300x100.png 300w\" sizes=\"(max-width: 600px) 100vw, 600px\" \/><\/p>\n<p>Podeszwy Michelin s\u0105 znane ze swojej trwa\u0142o\u015bci i lekko\u015bci. Mieszanka gumy Michelin dobrze sprawdza si\u0119 na r\u00f3\u017cnych typach pod\u0142o\u017ca. Z pewno\u015bci\u0105 wynika to w du\u017cej mierze z wieloletniego do\u015bwiadczenia firmy Michelin w zakresie technologii i materia\u0142\u00f3w oponiarskich.  <\/p>\n<p><img loading=\"lazy\" decoding=\"async\" class=\"alignnone size-full wp-image-21588\" src=\"https:\/\/toidupakk.ee\/wp-content\/uploads\/2024\/03\/Alpina-saapad-varviline.png\" alt=\"obuwie alpina\" width=\"300\" height=\"450\" srcset=\"https:\/\/toidupakk.ee\/wp-content\/uploads\/2024\/03\/Alpina-saapad-varviline.png 300w, https:\/\/toidupakk.ee\/wp-content\/uploads\/2024\/03\/Alpina-saapad-varviline-200x300.png 200w\" sizes=\"(max-width: 300px) 100vw, 300px\" \/><\/p>\n<p>Znajd\u017a inspiracj\u0119 na kolejne przygody na <a href=\"https:\/\/www.instagram.com\/toidupakk\/\">Instagramie<\/a> i <a href=\"https:\/\/www.facebook.com\/Toidupakk\/\">Facebooku<\/a> Toidupakk.<\/p>\n<p>Zobacz sprz\u0119t turystyczny <a href=\"https:\/\/toidupakk.ee\/pl\/tootekategooria\/sprzet-turystyczny\/#section-3-79\">TUTAJ<\/a>.<\/p>\n","protected":false},"excerpt":{"rendered":"<p id=\"-product-title-10-51\" class=\"oxy-product-title product_title entry-title oxy-woo-element\"><strong>Buty trekkingowe Alpina TRACKER MID s\u0105 przeznaczone dla os\u00f3b prowadz\u0105cych aktywny tryb \u017cycia, kt\u00f3re potrafi\u0105 doceni\u0107 wygodne i lekkie obuwie trekkingowe.<\/strong><\/p>\n<ul>\n<li>\u015aredniej wysoko\u015bci buty trekkingowe s\u0105 wykonane z naturalnej <strong>wysokiej jako\u015bci sk\u00f3ry licowej<\/strong> (1,4 &#8211; 1,6 mm)<\/li>\n<li>Wy\u015bci\u00f3\u0142ka wewn\u0119trzna jest wykonana z materia\u0142u <strong>Alpitex\u00ae<\/strong>, kt\u00f3ry zapewnia jednocze\u015bnie <strong>wodoodporno\u015b\u0107 i dobr\u0105 oddychalno\u015b\u0107<\/strong><\/li>\n<li>Podeszwa zewn\u0119trzna ma mocny gumowy bie\u017cnik, kt\u00f3ry<strong> zapobiega \u015blizganiu si\u0119 nawet na mokrej nawierzchni. <\/strong>Materia\u0142 EVA \/ guma<\/li>\n<li>S\u0105 to <strong>bardzo lekkie buty trekkingowe<\/strong>, kt\u00f3re zapewniaj\u0105 przyjemne wra\u017cenia z w\u0119dr\u00f3wki<\/li>\n<li>Odpowiednie zar\u00f3wno dla m\u0119\u017cczyzn, jak i kobiet<\/li>\n<li>Waga but\u00f3w: 490 g<\/li>\n<li>Stopie\u0144 elastyczno\u015bci\/sztywno\u015bci: medium<\/li>\n<li>Buty posiadaj\u0105 <strong>2 lata gwarancji<\/strong><\/li>\n<li>Alpina to ceniony s\u0142owe\u0144ski producent obuwia, kt\u00f3ry produkuje buty trekkingowe od 1947 roku. <\/li>\n<\/ul>\n<p><img decoding=\"async\" class=\"alignnone size-full wp-image-21431\" src=\"https:\/\/toidupakk.ee\/wp-content\/uploads\/2024\/03\/Alpitex-Technology.png\" alt=\"\" width=\"200\" height=\"50\"><\/p>\n<p>\u2705 Dost\u0119pne w magazynie, szybka dostawa w 1-3 dni robocze<br \/>\n\u2705 Mo\u017cliwo\u015b\u0107 przymierzenia w salonie Veski 5, Kiili<br \/>\n\u2705 BEZP\u0141ATNY zwrot i wymiana, je\u015bli rozmiar nie pasuje<br \/>\n\u2705 Kup teraz, zap\u0142a\u0107 p\u00f3\u017aniej (RRSO 0%)<\/p>\n","protected":false},"featured_media":21415,"comment_status":"open","ping_status":"closed","template":"","meta":{"_acf_changed":false},"product_brand":[],"product_cat":[303,327,301],"product_tag":[],"class_list":{"0":"post-50568","1":"product","2":"type-product","3":"status-publish","4":"has-post-thumbnail","6":"product_cat-akcesoria-turystyczne","7":"product_cat-buty-turystyczne","8":"product_cat-sprzet-turystyczny","10":"first","11":"instock","12":"sale","13":"taxable","14":"shipping-taxable","15":"purchasable","16":"product-type-variable","17":"has-default-attributes"},"bundled_by":[],"bundle_stock_status":"instock","bundle_stock_quantity":null,"bundle_virtual":false,"bundle_layout":"","bundle_add_to_cart_form_location":"","bundle_editable_in_cart":false,"bundle_sold_individually_context":"","bundle_item_grouping":"","bundle_min_size":"","bundle_max_size":"","bundle_price":[],"bundled_items":[],"bundle_sell_ids":[],"acf":[],"yoast_head":"<!-- This site is optimized with the Yoast SEO plugin v27.3 - https:\/\/yoast.com\/product\/yoast-seo-wordpress\/ -->\n<title>Buty trekkingowe Alpina TRACKER MID<\/title>\n<meta name=\"description\" content=\"Buty trekkingowe Alpina TRACKER MID dla os\u00f3b prowadz\u0105cych aktywny tryb \u017cycia, kt\u00f3re ceni\u0105 wygodne i lekkie obuwie. Wykonane z materia\u0142u Alpitex\u00ae i sk\u00f3ry licowej.\" \/>\n<meta name=\"robots\" content=\"index, follow, max-snippet:-1, max-image-preview:large, max-video-preview:-1\" \/>\n<link rel=\"canonical\" href=\"https:\/\/toidupakk.ee\/pl\/toode\/buty-trekkingowe-alpina-tracker-mid\/\" \/>\n<meta property=\"og:locale\" content=\"pl_PL\" \/>\n<meta property=\"og:type\" content=\"article\" \/>\n<meta property=\"og:title\" content=\"Buty trekkingowe Alpina TRACKER MID\" \/>\n<meta property=\"og:description\" content=\"Buty trekkingowe Alpina TRACKER MID dla os\u00f3b prowadz\u0105cych aktywny tryb \u017cycia, kt\u00f3re ceni\u0105 wygodne i lekkie obuwie. Wykonane z materia\u0142u Alpitex\u00ae i sk\u00f3ry licowej.\" \/>\n<meta property=\"og:url\" content=\"https:\/\/toidupakk.ee\/pl\/toode\/buty-trekkingowe-alpina-tracker-mid\/\" \/>\n<meta property=\"og:site_name\" content=\"Toidupakk.ee - Tactical Foodpack toidupakid\" \/>\n<meta property=\"article:publisher\" content=\"https:\/\/www.facebook.com\/Toidupakk\" \/>\n<meta property=\"article:modified_time\" content=\"2026-04-29T17:01:59+00:00\" \/>\n<meta property=\"og:image\" content=\"https:\/\/toidupakk.ee\/wp-content\/uploads\/2024\/03\/Matkasaapad-Alpina-TRACKER-M-23-1.png\" \/>\n\t<meta property=\"og:image:width\" content=\"800\" \/>\n\t<meta property=\"og:image:height\" content=\"800\" \/>\n\t<meta property=\"og:image:type\" content=\"image\/png\" \/>\n<meta name=\"twitter:card\" content=\"summary_large_image\" \/>\n<meta name=\"twitter:label1\" content=\"Szacowany czas czytania\" \/>\n\t<meta name=\"twitter:data1\" content=\"3 minuty\" \/>\n<script type=\"application\/ld+json\" class=\"yoast-schema-graph\">{\"@context\":\"https:\\\/\\\/schema.org\",\"@graph\":[{\"@type\":\"WebPage\",\"@id\":\"https:\\\/\\\/toidupakk.ee\\\/pl\\\/toode\\\/buty-trekkingowe-alpina-tracker-mid\\\/\",\"url\":\"https:\\\/\\\/toidupakk.ee\\\/pl\\\/toode\\\/buty-trekkingowe-alpina-tracker-mid\\\/\",\"name\":\"Buty trekkingowe Alpina TRACKER MID\",\"isPartOf\":{\"@id\":\"https:\\\/\\\/toidupakk.ee\\\/pl\\\/#website\"},\"primaryImageOfPage\":{\"@id\":\"https:\\\/\\\/toidupakk.ee\\\/pl\\\/toode\\\/buty-trekkingowe-alpina-tracker-mid\\\/#primaryimage\"},\"image\":{\"@id\":\"https:\\\/\\\/toidupakk.ee\\\/pl\\\/toode\\\/buty-trekkingowe-alpina-tracker-mid\\\/#primaryimage\"},\"thumbnailUrl\":\"https:\\\/\\\/toidupakk.ee\\\/wp-content\\\/uploads\\\/2024\\\/03\\\/Matkasaapad-Alpina-TRACKER-M-23-1.png\",\"datePublished\":\"2024-03-21T11:19:40+00:00\",\"dateModified\":\"2026-04-29T17:01:59+00:00\",\"description\":\"Buty trekkingowe Alpina TRACKER MID dla os\u00f3b prowadz\u0105cych aktywny tryb \u017cycia, kt\u00f3re ceni\u0105 wygodne i lekkie obuwie. Wykonane z materia\u0142u Alpitex\u00ae i sk\u00f3ry licowej.\",\"breadcrumb\":{\"@id\":\"https:\\\/\\\/toidupakk.ee\\\/pl\\\/toode\\\/buty-trekkingowe-alpina-tracker-mid\\\/#breadcrumb\"},\"inLanguage\":\"pl-PL\",\"potentialAction\":[{\"@type\":\"ReadAction\",\"target\":[\"https:\\\/\\\/toidupakk.ee\\\/pl\\\/toode\\\/buty-trekkingowe-alpina-tracker-mid\\\/\"]}]},{\"@type\":\"ImageObject\",\"inLanguage\":\"pl-PL\",\"@id\":\"https:\\\/\\\/toidupakk.ee\\\/pl\\\/toode\\\/buty-trekkingowe-alpina-tracker-mid\\\/#primaryimage\",\"url\":\"https:\\\/\\\/toidupakk.ee\\\/wp-content\\\/uploads\\\/2024\\\/03\\\/Matkasaapad-Alpina-TRACKER-M-23-1.png\",\"contentUrl\":\"https:\\\/\\\/toidupakk.ee\\\/wp-content\\\/uploads\\\/2024\\\/03\\\/Matkasaapad-Alpina-TRACKER-M-23-1.png\",\"width\":800,\"height\":800},{\"@type\":\"BreadcrumbList\",\"@id\":\"https:\\\/\\\/toidupakk.ee\\\/pl\\\/toode\\\/buty-trekkingowe-alpina-tracker-mid\\\/#breadcrumb\",\"itemListElement\":[{\"@type\":\"ListItem\",\"position\":1,\"name\":\"Avaleht\",\"item\":\"https:\\\/\\\/toidupakk.ee\\\/pl\\\/\"},{\"@type\":\"ListItem\",\"position\":2,\"name\":\"Sklep internetowy\",\"item\":\"https:\\\/\\\/toidupakk.ee\\\/pl\\\/sklep-internetowy\\\/\"},{\"@type\":\"ListItem\",\"position\":3,\"name\":\"Buty trekkingowe Alpina TRACKER MID\"}]},{\"@type\":\"WebSite\",\"@id\":\"https:\\\/\\\/toidupakk.ee\\\/pl\\\/#website\",\"url\":\"https:\\\/\\\/toidupakk.ee\\\/pl\\\/\",\"name\":\"Toidupakk.ee - Tactical Foodpack toidupakid\",\"description\":\"Tactical Foodpack k\u00fclmkuivatatud toidupakid ja matkaeined\",\"publisher\":{\"@id\":\"https:\\\/\\\/toidupakk.ee\\\/pl\\\/#organization\"},\"potentialAction\":[{\"@type\":\"SearchAction\",\"target\":{\"@type\":\"EntryPoint\",\"urlTemplate\":\"https:\\\/\\\/toidupakk.ee\\\/pl\\\/?s={search_term_string}\"},\"query-input\":{\"@type\":\"PropertyValueSpecification\",\"valueRequired\":true,\"valueName\":\"search_term_string\"}}],\"inLanguage\":\"pl-PL\"},{\"@type\":\"Organization\",\"@id\":\"https:\\\/\\\/toidupakk.ee\\\/pl\\\/#organization\",\"name\":\"Tactical Foodpack matkaeined\",\"url\":\"https:\\\/\\\/toidupakk.ee\\\/pl\\\/\",\"logo\":{\"@type\":\"ImageObject\",\"inLanguage\":\"pl-PL\",\"@id\":\"https:\\\/\\\/toidupakk.ee\\\/pl\\\/#\\\/schema\\\/logo\\\/image\\\/\",\"url\":\"https:\\\/\\\/toidupakk.ee\\\/wp-content\\\/uploads\\\/2022\\\/01\\\/Toidupakk-matkapood-logo-transparent.png\",\"contentUrl\":\"https:\\\/\\\/toidupakk.ee\\\/wp-content\\\/uploads\\\/2022\\\/01\\\/Toidupakk-matkapood-logo-transparent.png\",\"width\":500,\"height\":500,\"caption\":\"Tactical Foodpack matkaeined\"},\"image\":{\"@id\":\"https:\\\/\\\/toidupakk.ee\\\/pl\\\/#\\\/schema\\\/logo\\\/image\\\/\"},\"sameAs\":[\"https:\\\/\\\/www.facebook.com\\\/Toidupakk\",\"https:\\\/\\\/www.instagram.com\\\/toidupakk\\\/\"]}]}<\/script>\n<!-- \/ Yoast SEO plugin. -->","yoast_head_json":{"title":"Buty trekkingowe Alpina TRACKER MID","description":"Buty trekkingowe Alpina TRACKER MID dla os\u00f3b prowadz\u0105cych aktywny tryb \u017cycia, kt\u00f3re ceni\u0105 wygodne i lekkie obuwie. Wykonane z materia\u0142u Alpitex\u00ae i sk\u00f3ry licowej.","robots":{"index":"index","follow":"follow","max-snippet":"max-snippet:-1","max-image-preview":"max-image-preview:large","max-video-preview":"max-video-preview:-1"},"canonical":"https:\/\/toidupakk.ee\/pl\/toode\/buty-trekkingowe-alpina-tracker-mid\/","og_locale":"pl_PL","og_type":"article","og_title":"Buty trekkingowe Alpina TRACKER MID","og_description":"Buty trekkingowe Alpina TRACKER MID dla os\u00f3b prowadz\u0105cych aktywny tryb \u017cycia, kt\u00f3re ceni\u0105 wygodne i lekkie obuwie. Wykonane z materia\u0142u Alpitex\u00ae i sk\u00f3ry licowej.","og_url":"https:\/\/toidupakk.ee\/pl\/toode\/buty-trekkingowe-alpina-tracker-mid\/","og_site_name":"Toidupakk.ee - Tactical Foodpack toidupakid","article_publisher":"https:\/\/www.facebook.com\/Toidupakk","article_modified_time":"2026-04-29T17:01:59+00:00","og_image":[{"width":800,"height":800,"url":"https:\/\/toidupakk.ee\/wp-content\/uploads\/2024\/03\/Matkasaapad-Alpina-TRACKER-M-23-1.png","type":"image\/png"}],"twitter_card":"summary_large_image","twitter_misc":{"Szacowany czas czytania":"3 minuty"},"schema":{"@context":"https:\/\/schema.org","@graph":[{"@type":"WebPage","@id":"https:\/\/toidupakk.ee\/pl\/toode\/buty-trekkingowe-alpina-tracker-mid\/","url":"https:\/\/toidupakk.ee\/pl\/toode\/buty-trekkingowe-alpina-tracker-mid\/","name":"Buty trekkingowe Alpina TRACKER MID","isPartOf":{"@id":"https:\/\/toidupakk.ee\/pl\/#website"},"primaryImageOfPage":{"@id":"https:\/\/toidupakk.ee\/pl\/toode\/buty-trekkingowe-alpina-tracker-mid\/#primaryimage"},"image":{"@id":"https:\/\/toidupakk.ee\/pl\/toode\/buty-trekkingowe-alpina-tracker-mid\/#primaryimage"},"thumbnailUrl":"https:\/\/toidupakk.ee\/wp-content\/uploads\/2024\/03\/Matkasaapad-Alpina-TRACKER-M-23-1.png","datePublished":"2024-03-21T11:19:40+00:00","dateModified":"2026-04-29T17:01:59+00:00","description":"Buty trekkingowe Alpina TRACKER MID dla os\u00f3b prowadz\u0105cych aktywny tryb \u017cycia, kt\u00f3re ceni\u0105 wygodne i lekkie obuwie. Wykonane z materia\u0142u Alpitex\u00ae i sk\u00f3ry licowej.","breadcrumb":{"@id":"https:\/\/toidupakk.ee\/pl\/toode\/buty-trekkingowe-alpina-tracker-mid\/#breadcrumb"},"inLanguage":"pl-PL","potentialAction":[{"@type":"ReadAction","target":["https:\/\/toidupakk.ee\/pl\/toode\/buty-trekkingowe-alpina-tracker-mid\/"]}]},{"@type":"ImageObject","inLanguage":"pl-PL","@id":"https:\/\/toidupakk.ee\/pl\/toode\/buty-trekkingowe-alpina-tracker-mid\/#primaryimage","url":"https:\/\/toidupakk.ee\/wp-content\/uploads\/2024\/03\/Matkasaapad-Alpina-TRACKER-M-23-1.png","contentUrl":"https:\/\/toidupakk.ee\/wp-content\/uploads\/2024\/03\/Matkasaapad-Alpina-TRACKER-M-23-1.png","width":800,"height":800},{"@type":"BreadcrumbList","@id":"https:\/\/toidupakk.ee\/pl\/toode\/buty-trekkingowe-alpina-tracker-mid\/#breadcrumb","itemListElement":[{"@type":"ListItem","position":1,"name":"Avaleht","item":"https:\/\/toidupakk.ee\/pl\/"},{"@type":"ListItem","position":2,"name":"Sklep internetowy","item":"https:\/\/toidupakk.ee\/pl\/sklep-internetowy\/"},{"@type":"ListItem","position":3,"name":"Buty trekkingowe Alpina TRACKER MID"}]},{"@type":"WebSite","@id":"https:\/\/toidupakk.ee\/pl\/#website","url":"https:\/\/toidupakk.ee\/pl\/","name":"Toidupakk.ee - Tactical Foodpack toidupakid","description":"Tactical Foodpack k\u00fclmkuivatatud toidupakid ja matkaeined","publisher":{"@id":"https:\/\/toidupakk.ee\/pl\/#organization"},"potentialAction":[{"@type":"SearchAction","target":{"@type":"EntryPoint","urlTemplate":"https:\/\/toidupakk.ee\/pl\/?s={search_term_string}"},"query-input":{"@type":"PropertyValueSpecification","valueRequired":true,"valueName":"search_term_string"}}],"inLanguage":"pl-PL"},{"@type":"Organization","@id":"https:\/\/toidupakk.ee\/pl\/#organization","name":"Tactical Foodpack matkaeined","url":"https:\/\/toidupakk.ee\/pl\/","logo":{"@type":"ImageObject","inLanguage":"pl-PL","@id":"https:\/\/toidupakk.ee\/pl\/#\/schema\/logo\/image\/","url":"https:\/\/toidupakk.ee\/wp-content\/uploads\/2022\/01\/Toidupakk-matkapood-logo-transparent.png","contentUrl":"https:\/\/toidupakk.ee\/wp-content\/uploads\/2022\/01\/Toidupakk-matkapood-logo-transparent.png","width":500,"height":500,"caption":"Tactical Foodpack matkaeined"},"image":{"@id":"https:\/\/toidupakk.ee\/pl\/#\/schema\/logo\/image\/"},"sameAs":["https:\/\/www.facebook.com\/Toidupakk","https:\/\/www.instagram.com\/toidupakk\/"]}]}},"jetpack_sharing_enabled":true,"_links":{"self":[{"href":"https:\/\/toidupakk.ee\/pl\/wp-json\/wp\/v2\/product\/50568","targetHints":{"allow":["GET"]}}],"collection":[{"href":"https:\/\/toidupakk.ee\/pl\/wp-json\/wp\/v2\/product"}],"about":[{"href":"https:\/\/toidupakk.ee\/pl\/wp-json\/wp\/v2\/types\/product"}],"replies":[{"embeddable":true,"href":"https:\/\/toidupakk.ee\/pl\/wp-json\/wp\/v2\/comments?post=50568"}],"wp:featuredmedia":[{"embeddable":true,"href":"https:\/\/toidupakk.ee\/pl\/wp-json\/wp\/v2\/media\/21415"}],"wp:attachment":[{"href":"https:\/\/toidupakk.ee\/pl\/wp-json\/wp\/v2\/media?parent=50568"}],"wp:term":[{"taxonomy":"product_brand","embeddable":true,"href":"https:\/\/toidupakk.ee\/pl\/wp-json\/wp\/v2\/product_brand?post=50568"},{"taxonomy":"product_cat","embeddable":true,"href":"https:\/\/toidupakk.ee\/pl\/wp-json\/wp\/v2\/product_cat?post=50568"},{"taxonomy":"product_tag","embeddable":true,"href":"https:\/\/toidupakk.ee\/pl\/wp-json\/wp\/v2\/product_tag?post=50568"}],"curies":[{"name":"wp","href":"https:\/\/api.w.org\/{rel}","templated":true}]}}